{"id":1072,"date":"2023-02-18T07:30:22","date_gmt":"2023-02-18T06:30:22","guid":{"rendered":"http:\/\/lesparge.fr\/?page_id=1072"},"modified":"2024-03-04T07:58:42","modified_gmt":"2024-03-04T06:58:42","slug":"la-crete-2","status":"publish","type":"page","link":"https:\/\/lesparge.fr\/index.php\/la-crete-2\/","title":{"rendered":"Le village"},"content":{"rendered":"\t\t<div data-elementor-type=\"wp-post\" data-elementor-id=\"1072\" class=\"elementor elementor-1072\">\n\t\t\t\t\t\t<section class=\"elementor-section elementor-top-section elementor-element elementor-element-f35d28c elementor-section-boxed elementor-section-height-default elementor-section-height-default\" data-id=\"f35d28c\" data-element_type=\"section\" data-e-type=\"section\">\n\t\t\t\t\t\t<div class=\"elementor-container elementor-column-gap-default\">\n\t\t\t\t\t<div class=\"elementor-column elementor-col-50 elementor-top-column elementor-element elementor-element-9e1b917\" data-id=\"9e1b917\" data-element_type=\"column\" data-e-type=\"column\">\n\t\t\t<div class=\"elementor-widget-wrap elementor-element-populated\">\n\t\t\t\t\t\t<div class=\"elementor-element elementor-element-a7005fc elementor-widget elementor-widget-image\" data-id=\"a7005fc\" data-element_type=\"widget\" data-e-type=\"widget\" data-widget_type=\"image.default\">\n\t\t\t\t<div class=\"elementor-widget-container\">\n\t\t\t\t\t\t\t\t\t\t\t\t\t\t\t<img fetchpriority=\"high\" decoding=\"async\" width=\"473\" height=\"314\" src=\"https:\/\/lesparge.fr\/wp-content\/uploads\/2023\/02\/eparges-ciel.jpg\" class=\"attachment-full size-full wp-image-1073\" alt=\"\" srcset=\"https:\/\/lesparge.fr\/wp-content\/uploads\/2023\/02\/eparges-ciel.jpg 473w, https:\/\/lesparge.fr\/wp-content\/uploads\/2023\/02\/eparges-ciel-300x199.jpg 300w\" sizes=\"(max-width: 473px) 100vw, 473px\" \/>\t\t\t\t\t\t\t\t\t\t\t\t\t\t\t<\/div>\n\t\t\t\t<\/div>\n\t\t\t\t\t<\/div>\n\t\t<\/div>\n\t\t\t\t<div class=\"elementor-column elementor-col-50 elementor-top-column elementor-element elementor-element-6679743\" data-id=\"6679743\" data-element_type=\"column\" data-e-type=\"column\">\n\t\t\t<div class=\"elementor-widget-wrap elementor-element-populated\">\n\t\t\t\t\t\t<div class=\"elementor-element elementor-element-149d166 center-mobile elementor-widget elementor-widget-heading\" data-id=\"149d166\" data-element_type=\"widget\" data-e-type=\"widget\" data-widget_type=\"heading.default\">\n\t\t\t\t<div class=\"elementor-widget-container\">\n\t\t\t\t\t<h2 class=\"elementor-heading-title elementor-size-default\">LE VILLAGE<\/h2>\t\t\t\t<\/div>\n\t\t\t\t<\/div>\n\t\t\t\t<div class=\"elementor-element elementor-element-5280b21 elementor-widget elementor-widget-text-editor\" data-id=\"5280b21\" data-element_type=\"widget\" data-e-type=\"widget\" data-widget_type=\"text-editor.default\">\n\t\t\t\t<div class=\"elementor-widget-container\">\n\t\t\t\t\t\t\t\t\t<p class=\"crete\">Situ\u00e9 au pied de La cr\u00eate qui porte son nom, le village des \u00c9parges fut enti\u00e8rement d\u00e9truit durant la Grande Guerre.<br \/>C\u2019est en partie gr\u00e2ce au don providentiel de M. Andries Van Wezel qu\u2019il fut reconstruit et inaugur\u00e9 en 1923.<\/p><p class=\"tm-blue-text\">\u00a0<\/p>\t\t\t\t\t\t\t\t<\/div>\n\t\t\t\t<\/div>\n\t\t\t\t\t<\/div>\n\t\t<\/div>\n\t\t\t\t\t<\/div>\n\t\t<\/section>\n\t\t\t\t<section class=\"elementor-section elementor-top-section elementor-element elementor-element-048702d elementor-section-boxed elementor-section-height-default elementor-section-height-default\" data-id=\"048702d\" data-element_type=\"section\" data-e-type=\"section\">\n\t\t\t\t\t\t<div class=\"elementor-container elementor-column-gap-default\">\n\t\t\t\t\t<div class=\"elementor-column elementor-col-50 elementor-top-column elementor-element elementor-element-e892d40\" data-id=\"e892d40\" data-element_type=\"column\" data-e-type=\"column\">\n\t\t\t<div class=\"elementor-widget-wrap elementor-element-populated\">\n\t\t\t\t\t\t<div class=\"elementor-element elementor-element-7ecf5ea elementor-widget elementor-widget-image\" data-id=\"7ecf5ea\" data-element_type=\"widget\" data-e-type=\"widget\" data-widget_type=\"image.default\">\n\t\t\t\t<div class=\"elementor-widget-container\">\n\t\t\t\t\t\t\t\t\t\t\t\t\t\t\t<img decoding=\"async\" width=\"265\" height=\"431\" src=\"https:\/\/lesparge.fr\/wp-content\/uploads\/2023\/02\/buste-min.png\" class=\"attachment-full size-full wp-image-655\" alt=\"\" srcset=\"https:\/\/lesparge.fr\/wp-content\/uploads\/2023\/02\/buste-min.png 265w, https:\/\/lesparge.fr\/wp-content\/uploads\/2023\/02\/buste-min-184x300.png 184w\" sizes=\"(max-width: 265px) 100vw, 265px\" \/>\t\t\t\t\t\t\t\t\t\t\t\t\t\t\t<\/div>\n\t\t\t\t<\/div>\n\t\t\t\t\t<\/div>\n\t\t<\/div>\n\t\t\t\t<div class=\"elementor-column elementor-col-50 elementor-top-column elementor-element elementor-element-241eb3c\" data-id=\"241eb3c\" data-element_type=\"column\" data-e-type=\"column\">\n\t\t\t<div class=\"elementor-widget-wrap elementor-element-populated\">\n\t\t\t\t\t\t<div class=\"elementor-element elementor-element-856d57d center-mobile elementor-widget elementor-widget-heading\" data-id=\"856d57d\" data-element_type=\"widget\" data-e-type=\"widget\" data-widget_type=\"heading.default\">\n\t\t\t\t<div class=\"elementor-widget-container\">\n\t\t\t\t\t<h2 class=\"elementor-heading-title elementor-size-default\">LE BUSTE DE MAURICE GENEVOIX<\/h2>\t\t\t\t<\/div>\n\t\t\t\t<\/div>\n\t\t\t\t<div class=\"elementor-element elementor-element-0e01ae8 elementor-widget elementor-widget-text-editor\" data-id=\"0e01ae8\" data-element_type=\"widget\" data-e-type=\"widget\" data-widget_type=\"text-editor.default\">\n\t\t\t\t<div class=\"elementor-widget-container\">\n\t\t\t\t\t\t\t\t\t<p class=\"crete\"><a href=\"http:\/\/www.lesparge.fr\/img\/maurice-genevoix.jpg\">Le buste de Maurice Genevoix<\/a> \u00e9rig\u00e9 devant la mairie rend hommage \u00e0 l\u2019\u00e9crivain-combattant, auteur de \u201cCeux de 14\u201d, gri\u00e8vement bless\u00e9 aux Eparges en avril 1915.<\/p><p class=\"tm-blue-text\">\u00a0<\/p>\t\t\t\t\t\t\t\t<\/div>\n\t\t\t\t<\/div>\n\t\t\t\t\t<\/div>\n\t\t<\/div>\n\t\t\t\t\t<\/div>\n\t\t<\/section>\n\t\t\t\t<section class=\"elementor-section elementor-top-section elementor-element elementor-element-79ebd8a elementor-section-boxed elementor-section-height-default elementor-section-height-default\" data-id=\"79ebd8a\" data-element_type=\"section\" data-e-type=\"section\">\n\t\t\t\t\t\t<div class=\"elementor-container elementor-column-gap-default\">\n\t\t\t\t\t<div class=\"elementor-column elementor-col-50 elementor-top-column elementor-element elementor-element-0696a37\" data-id=\"0696a37\" data-element_type=\"column\" data-e-type=\"column\">\n\t\t\t<div class=\"elementor-widget-wrap elementor-element-populated\">\n\t\t\t\t\t\t<div class=\"elementor-element elementor-element-7c3af2c elementor-widget elementor-widget-image\" data-id=\"7c3af2c\" data-element_type=\"widget\" data-e-type=\"widget\" data-widget_type=\"image.default\">\n\t\t\t\t<div class=\"elementor-widget-container\">\n\t\t\t\t\t\t\t\t\t\t\t\t\t\t\t\t<a href=\"https:\/\/lesparge.fr\/index.php\/maurice-genevoix\/\">\n\t\t\t\t\t\t\t<img decoding=\"async\" src=\"https:\/\/lesparge.fr\/wp-content\/uploads\/elementor\/thumbs\/1-genevoix-q2mcxet4qjikaponvwece020bbh1khh1quhmk6ig4o.jpg\" title=\"1\" alt=\"Espace Maurice Genevoix\" loading=\"lazy\" \/>\t\t\t\t\t\t\t\t<\/a>\n\t\t\t\t\t\t\t\t\t\t\t\t\t\t\t<\/div>\n\t\t\t\t<\/div>\n\t\t\t\t\t<\/div>\n\t\t<\/div>\n\t\t\t\t<div class=\"elementor-column elementor-col-50 elementor-top-column elementor-element elementor-element-b2acdb0\" data-id=\"b2acdb0\" data-element_type=\"column\" data-e-type=\"column\">\n\t\t\t<div class=\"elementor-widget-wrap elementor-element-populated\">\n\t\t\t\t\t\t<div class=\"elementor-element elementor-element-0a52c19 center-mobile elementor-widget elementor-widget-heading\" data-id=\"0a52c19\" data-element_type=\"widget\" data-e-type=\"widget\" data-widget_type=\"heading.default\">\n\t\t\t\t<div class=\"elementor-widget-container\">\n\t\t\t\t\t<h2 class=\"elementor-heading-title elementor-size-default\"><a href=\"https:\/\/lesparge.fr\/index.php\/maurice-genevoix\/\">L'ESPACE MAURICE GENEVOIX<\/a><\/h2>\t\t\t\t<\/div>\n\t\t\t\t<\/div>\n\t\t\t\t<div class=\"elementor-element elementor-element-d8f1116 elementor-widget elementor-widget-text-editor\" data-id=\"d8f1116\" data-element_type=\"widget\" data-e-type=\"widget\" data-widget_type=\"text-editor.default\">\n\t\t\t\t<div class=\"elementor-widget-container\">\n\t\t\t\t\t\t\t\t\t<p>Au c\u0153ur du village des \u00c9parges, \u00ab <span style=\"text-decoration: underline; color: #333399;\"><a style=\"color: #333399; text-decoration: underline;\" href=\"https:\/\/lesparge.fr\/index.php\/maurice-genevoix\/\">l\u2019Espace Maurice Genevoix<\/a><\/span> \u00bb se compose d\u2019une salle p\u00e9dagogique, baptis\u00e9e \u00ab Salle Le Barboux \u00bb, d\u2019un espace paysager et d\u2019un pr\u00e9au abritant une exposition permanente r\u00e9alis\u00e9e par L\u2019Esparge. <br \/>Cette exposition \u00e9voque, en textes et en images d\u2019archives, les destins crois\u00e9s de l\u2019auteur de \u00ab\u00a0Ceux de 14\u00a0\u00bb et des \u00c9parges.<\/p>\t\t\t\t\t\t\t\t<\/div>\n\t\t\t\t<\/div>\n\t\t\t\t\t<\/div>\n\t\t<\/div>\n\t\t\t\t\t<\/div>\n\t\t<\/section>\n\t\t\t\t<section class=\"elementor-section elementor-top-section elementor-element elementor-element-e20402a elementor-section-boxed elementor-section-height-default elementor-section-height-default\" data-id=\"e20402a\" data-element_type=\"section\" data-e-type=\"section\">\n\t\t\t\t\t\t<div class=\"elementor-container elementor-column-gap-default\">\n\t\t\t\t\t<div class=\"elementor-column elementor-col-50 elementor-top-column elementor-element elementor-element-638ce02\" data-id=\"638ce02\" data-element_type=\"column\" data-e-type=\"column\">\n\t\t\t<div class=\"elementor-widget-wrap elementor-element-populated\">\n\t\t\t\t\t\t<div class=\"elementor-element elementor-element-904de3a elementor-widget elementor-widget-image\" data-id=\"904de3a\" data-element_type=\"widget\" data-e-type=\"widget\" data-widget_type=\"image.default\">\n\t\t\t\t<div class=\"elementor-widget-container\">\n\t\t\t\t\t\t\t\t\t\t\t\t\t\t\t\t<a href=\"https:\/\/lesparge.fr\/wp-content\/uploads\/2024\/02\/panneau-1-Van-Wezel-80x120-apercu-scaled.jpg\" data-elementor-open-lightbox=\"yes\" data-elementor-lightbox-title=\"panneau 1 Van Wezel 80x120 aper\u00e7u\" data-e-action-hash=\"#elementor-action%3Aaction%3Dlightbox%26settings%3DeyJpZCI6Mzc4MSwidXJsIjoiaHR0cHM6XC9cL2xlc3BhcmdlLmZyXC93cC1jb250ZW50XC91cGxvYWRzXC8yMDI0XC8wMlwvcGFubmVhdS0xLVZhbi1XZXplbC04MHgxMjAtYXBlcmN1LXNjYWxlZC5qcGcifQ%3D%3D\">\n\t\t\t\t\t\t\t<img decoding=\"async\" src=\"https:\/\/lesparge.fr\/wp-content\/uploads\/elementor\/thumbs\/panneau-1-Van-Wezel-80x120-apercu-scaled-qkj6ytnn2b81e6y28nu975gki3v90j15klfj2nrkjm.jpg\" title=\"panneau 1 Van Wezel 80&#215;120 aper\u00e7u\" alt=\"Espace Van Wezel\" loading=\"lazy\" \/>\t\t\t\t\t\t\t\t<\/a>\n\t\t\t\t\t\t\t\t\t\t\t\t\t\t\t<\/div>\n\t\t\t\t<\/div>\n\t\t\t\t<div class=\"elementor-element elementor-element-dc85aec elementor-widget elementor-widget-image\" data-id=\"dc85aec\" data-element_type=\"widget\" data-e-type=\"widget\" data-widget_type=\"image.default\">\n\t\t\t\t<div class=\"elementor-widget-container\">\n\t\t\t\t\t\t\t\t\t\t\t\t\t\t\t\t<a href=\"https:\/\/lesparge.fr\/wp-content\/uploads\/2024\/02\/panneau-2-Van-Wezel-80x120-apercu-scaled.jpg\" data-elementor-open-lightbox=\"yes\" data-elementor-lightbox-title=\"panneau 2 Van Wezel 80x120 aper\u00e7u\" data-e-action-hash=\"#elementor-action%3Aaction%3Dlightbox%26settings%3DeyJpZCI6Mzc4MywidXJsIjoiaHR0cHM6XC9cL2xlc3BhcmdlLmZyXC93cC1jb250ZW50XC91cGxvYWRzXC8yMDI0XC8wMlwvcGFubmVhdS0yLVZhbi1XZXplbC04MHgxMjAtYXBlcmN1LXNjYWxlZC5qcGcifQ%3D%3D\">\n\t\t\t\t\t\t\t<img decoding=\"async\" src=\"https:\/\/lesparge.fr\/wp-content\/uploads\/elementor\/thumbs\/panneau-2-Van-Wezel-80x120-apercu-scaled-qkj6zrhtwcid05kwr2gtowx5vz8gpmrhp8x0cmdebm.jpg\" title=\"panneau 2 Van Wezel 80&#215;120 aper\u00e7u\" alt=\"panneau 2 Van Wezel 80x120 aper\u00e7u\" loading=\"lazy\" \/>\t\t\t\t\t\t\t\t<\/a>\n\t\t\t\t\t\t\t\t\t\t\t\t\t\t\t<\/div>\n\t\t\t\t<\/div>\n\t\t\t\t\t<\/div>\n\t\t<\/div>\n\t\t\t\t<div class=\"elementor-column elementor-col-50 elementor-top-column elementor-element elementor-element-3775e0b\" data-id=\"3775e0b\" data-element_type=\"column\" data-e-type=\"column\">\n\t\t\t<div class=\"elementor-widget-wrap elementor-element-populated\">\n\t\t\t\t\t\t<div class=\"elementor-element elementor-element-295179b center-mobile elementor-widget elementor-widget-heading\" data-id=\"295179b\" data-element_type=\"widget\" data-e-type=\"widget\" data-widget_type=\"heading.default\">\n\t\t\t\t<div class=\"elementor-widget-container\">\n\t\t\t\t\t<h2 class=\"elementor-heading-title elementor-size-default\"><a href=\"https:\/\/lesparge.fr\/index.php\/maurice-genevoix\/\">L'ESPACE Van Wezel<\/a><\/h2>\t\t\t\t<\/div>\n\t\t\t\t<\/div>\n\t\t\t\t<div class=\"elementor-element elementor-element-7941a3f elementor-widget elementor-widget-text-editor\" data-id=\"7941a3f\" data-element_type=\"widget\" data-e-type=\"widget\" data-widget_type=\"text-editor.default\">\n\t\t\t\t<div class=\"elementor-widget-container\">\n\t\t\t\t\t\t\t\t\t<p>Le 14 octobre 2023, \u00e0 l&rsquo;occasion du centenaire de la reconstruction du village, un monument a \u00e9t\u00e9 \u00e9rig\u00e9, pr\u00e8s de l&rsquo;\u00e9glise des \u00c9parges \u00a0en hommage au g\u00e9n\u00e9reux bienfaiteur Andries Van Wezel<\/p>\t\t\t\t\t\t\t\t<\/div>\n\t\t\t\t<\/div>\n\t\t\t\t\t<\/div>\n\t\t<\/div>\n\t\t\t\t\t<\/div>\n\t\t<\/section>\n\t\t\t\t<section class=\"elementor-section elementor-top-section elementor-element elementor-element-02a094e elementor-section-boxed elementor-section-height-default elementor-section-height-default\" data-id=\"02a094e\" data-element_type=\"section\" data-e-type=\"section\">\n\t\t\t\t\t\t<div class=\"elementor-container elementor-column-gap-default\">\n\t\t\t\t\t<div class=\"elementor-column elementor-col-50 elementor-top-column elementor-element elementor-element-e4c376f\" data-id=\"e4c376f\" data-element_type=\"column\" data-e-type=\"column\">\n\t\t\t<div class=\"elementor-widget-wrap elementor-element-populated\">\n\t\t\t\t\t\t<div class=\"elementor-element elementor-element-8938d63 elementor-widget elementor-widget-image\" data-id=\"8938d63\" data-element_type=\"widget\" data-e-type=\"widget\" data-widget_type=\"image.default\">\n\t\t\t\t<div class=\"elementor-widget-container\">\n\t\t\t\t\t\t\t\t\t\t\t\t\t\t\t\t<a href=\"https:\/\/lesparge.fr\/wp-content\/uploads\/2023\/02\/village-eglise-e1709229126552.jpg\" data-elementor-open-lightbox=\"yes\" data-elementor-lightbox-title=\"village-eglise\" data-e-action-hash=\"#elementor-action%3Aaction%3Dlightbox%26settings%3DeyJpZCI6NjUxLCJ1cmwiOiJodHRwczpcL1wvbGVzcGFyZ2UuZnJcL3dwLWNvbnRlbnRcL3VwbG9hZHNcLzIwMjNcLzAyXC92aWxsYWdlLWVnbGlzZS1lMTcwOTIyOTEyNjU1Mi5qcGcifQ%3D%3D\">\n\t\t\t\t\t\t\t<img decoding=\"async\" src=\"https:\/\/lesparge.fr\/wp-content\/uploads\/elementor\/thumbs\/village-eglise-e1709229126552-qkj7m43oej3t2d468q9gz9vqdt2nqjhq3vcn5h8g6o.jpg\" title=\"village-eglise\" alt=\"village-eglise\" loading=\"lazy\" \/>\t\t\t\t\t\t\t\t<\/a>\n\t\t\t\t\t\t\t\t\t\t\t\t\t\t\t<\/div>\n\t\t\t\t<\/div>\n\t\t\t\t\t<\/div>\n\t\t<\/div>\n\t\t\t\t<div class=\"elementor-column elementor-col-50 elementor-top-column elementor-element elementor-element-1e05dc0\" data-id=\"1e05dc0\" data-element_type=\"column\" data-e-type=\"column\">\n\t\t\t<div class=\"elementor-widget-wrap elementor-element-populated\">\n\t\t\t\t\t\t<div class=\"elementor-element elementor-element-b933f0e center-mobile elementor-widget elementor-widget-heading\" data-id=\"b933f0e\" data-element_type=\"widget\" data-e-type=\"widget\" data-widget_type=\"heading.default\">\n\t\t\t\t<div class=\"elementor-widget-container\">\n\t\t\t\t\t<h2 class=\"elementor-heading-title elementor-size-default\">L'\u00c9GLISE SAINT-MARTIN<\/h2>\t\t\t\t<\/div>\n\t\t\t\t<\/div>\n\t\t\t\t<div class=\"elementor-element elementor-element-d760360 elementor-widget elementor-widget-text-editor\" data-id=\"d760360\" data-element_type=\"widget\" data-e-type=\"widget\" data-widget_type=\"text-editor.default\">\n\t\t\t\t<div class=\"elementor-widget-container\">\n\t\t\t\t\t\t\t\t\t<section><div><p>L\u2019\u00e9glise Saint-Martin, b\u00e9nite par Mgr Ginisty en avril 1929, d\u00e9cor\u00e9e par le sculpteur Duilio Donzelli, renferme <a href=\"http:\/\/www.lesparge.fr\/actions\/action17-4.html\">la chapelle des ex-voto <\/a>1914-1918. Sa d\u00e9coration int\u00e9rieure traduit son ancrage dans le temps et dans l\u2019histoire.<\/p><\/div><\/section>\t\t\t\t\t\t\t\t<\/div>\n\t\t\t\t<\/div>\n\t\t\t\t\t<\/div>\n\t\t<\/div>\n\t\t\t\t\t<\/div>\n\t\t<\/section>\n\t\t\t\t<section class=\"elementor-section elementor-top-section elementor-element elementor-element-dc851b1 elementor-section-boxed elementor-section-height-default elementor-section-height-default\" data-id=\"dc851b1\" data-element_type=\"section\" data-e-type=\"section\">\n\t\t\t\t\t\t<div class=\"elementor-container elementor-column-gap-default\">\n\t\t\t\t\t<div class=\"elementor-column elementor-col-50 elementor-top-column elementor-element elementor-element-6033cce\" data-id=\"6033cce\" data-element_type=\"column\" data-e-type=\"column\">\n\t\t\t<div class=\"elementor-widget-wrap elementor-element-populated\">\n\t\t\t\t\t\t<div class=\"elementor-element elementor-element-02cb3d3 elementor-widget elementor-widget-image\" data-id=\"02cb3d3\" data-element_type=\"widget\" data-e-type=\"widget\" data-widget_type=\"image.default\">\n\t\t\t\t<div class=\"elementor-widget-container\">\n\t\t\t\t\t\t\t\t\t\t\t\t\t\t\t\t<a href=\"https:\/\/lesparge.fr\/wp-content\/uploads\/2023\/02\/village-calvaire-e1709229030178.jpg\" data-elementor-open-lightbox=\"yes\" data-elementor-lightbox-title=\"village-calvaire\" data-e-action-hash=\"#elementor-action%3Aaction%3Dlightbox%26settings%3DeyJpZCI6NjUyLCJ1cmwiOiJodHRwczpcL1wvbGVzcGFyZ2UuZnJcL3dwLWNvbnRlbnRcL3VwbG9hZHNcLzIwMjNcLzAyXC92aWxsYWdlLWNhbHZhaXJlLWUxNzA5MjI5MDMwMTc4LmpwZyJ9\">\n\t\t\t\t\t\t\t<img decoding=\"async\" src=\"https:\/\/lesparge.fr\/wp-content\/uploads\/elementor\/thumbs\/village-calvaire-e1709229030178-qkj7jlv64oiugjiv9xkjdy4qxh74ikaifj5qiksjfg.jpg\" title=\"village-calvaire\" alt=\"village-calvaire\" loading=\"lazy\" \/>\t\t\t\t\t\t\t\t<\/a>\n\t\t\t\t\t\t\t\t\t\t\t\t\t\t\t<\/div>\n\t\t\t\t<\/div>\n\t\t\t\t\t<\/div>\n\t\t<\/div>\n\t\t\t\t<div class=\"elementor-column elementor-col-50 elementor-top-column elementor-element elementor-element-3c7b668\" data-id=\"3c7b668\" data-element_type=\"column\" data-e-type=\"column\">\n\t\t\t<div class=\"elementor-widget-wrap elementor-element-populated\">\n\t\t\t\t\t\t<div class=\"elementor-element elementor-element-b730d1f center-mobile elementor-widget elementor-widget-heading\" data-id=\"b730d1f\" data-element_type=\"widget\" data-e-type=\"widget\" data-widget_type=\"heading.default\">\n\t\t\t\t<div class=\"elementor-widget-container\">\n\t\t\t\t\t<h2 class=\"elementor-heading-title elementor-size-default\">LE CALVAIRE<\/h2>\t\t\t\t<\/div>\n\t\t\t\t<\/div>\n\t\t\t\t<div class=\"elementor-element elementor-element-baa4f46 elementor-widget elementor-widget-text-editor\" data-id=\"baa4f46\" data-element_type=\"widget\" data-e-type=\"widget\" data-widget_type=\"text-editor.default\">\n\t\t\t\t<div class=\"elementor-widget-container\">\n\t\t\t\t\t\t\t\t\t<p>Le Calvaire en pierre, \u00e9rig\u00e9 en 1931, fut r\u00e9alis\u00e9 par <a href=\"http:\/\/www.lesparge.fr\/donzelli.html\">Duilio Donzelli.<\/a>Cet artiste Italien est l\u2019auteur de nombreux ouvrages en Meuse (sculptures et peintures d\u2019\u00e9glises, monuments aux morts, calvaires).<\/p>\t\t\t\t\t\t\t\t<\/div>\n\t\t\t\t<\/div>\n\t\t\t\t\t<\/div>\n\t\t<\/div>\n\t\t\t\t\t<\/div>\n\t\t<\/section>\n\t\t\t\t<section class=\"elementor-section elementor-top-section elementor-element elementor-element-e5c2212 elementor-section-boxed elementor-section-height-default elementor-section-height-default\" data-id=\"e5c2212\" data-element_type=\"section\" data-e-type=\"section\">\n\t\t\t\t\t\t<div class=\"elementor-container elementor-column-gap-default\">\n\t\t\t\t\t<div class=\"elementor-column elementor-col-50 elementor-top-column elementor-element elementor-element-fc14381\" data-id=\"fc14381\" data-element_type=\"column\" data-e-type=\"column\">\n\t\t\t<div class=\"elementor-widget-wrap elementor-element-populated\">\n\t\t\t\t\t\t<div class=\"elementor-element elementor-element-fdc63cc elementor-widget elementor-widget-image\" data-id=\"fdc63cc\" data-element_type=\"widget\" data-e-type=\"widget\" data-widget_type=\"image.default\">\n\t\t\t\t<div class=\"elementor-widget-container\">\n\t\t\t\t\t\t\t\t\t\t\t\t\t\t\t\t<a href=\"https:\/\/lesparge.fr\/wp-content\/uploads\/2023\/02\/village-monument-mort-e1709228711948.jpg\" data-elementor-open-lightbox=\"yes\" data-elementor-lightbox-title=\"village-monument-mort\" data-e-action-hash=\"#elementor-action%3Aaction%3Dlightbox%26settings%3DeyJpZCI6NjU0LCJ1cmwiOiJodHRwczpcL1wvbGVzcGFyZ2UuZnJcL3dwLWNvbnRlbnRcL3VwbG9hZHNcLzIwMjNcLzAyXC92aWxsYWdlLW1vbnVtZW50LW1vcnQtZTE3MDkyMjg3MTE5NDguanBnIn0%3D\">\n\t\t\t\t\t\t\t<img decoding=\"async\" src=\"https:\/\/lesparge.fr\/wp-content\/uploads\/elementor\/thumbs\/village-monument-mort-e1709228711948-qkj7ba0nma9t86usijnaqibfuwhc05h4a8m4znathc.jpg\" title=\"village-monument-mort\" alt=\"village-monument-mort\" loading=\"lazy\" \/>\t\t\t\t\t\t\t\t<\/a>\n\t\t\t\t\t\t\t\t\t\t\t\t\t\t\t<\/div>\n\t\t\t\t<\/div>\n\t\t\t\t\t<\/div>\n\t\t<\/div>\n\t\t\t\t<div class=\"elementor-column elementor-col-50 elementor-top-column elementor-element elementor-element-5e11fd3\" data-id=\"5e11fd3\" data-element_type=\"column\" data-e-type=\"column\">\n\t\t\t<div class=\"elementor-widget-wrap elementor-element-populated\">\n\t\t\t\t\t\t<div class=\"elementor-element elementor-element-ba32f62 center-mobile elementor-widget elementor-widget-heading\" data-id=\"ba32f62\" data-element_type=\"widget\" data-e-type=\"widget\" data-widget_type=\"heading.default\">\n\t\t\t\t<div class=\"elementor-widget-container\">\n\t\t\t\t\t<h2 class=\"elementor-heading-title elementor-size-default\">LE MONUMENT AUX MORTS<\/h2>\t\t\t\t<\/div>\n\t\t\t\t<\/div>\n\t\t\t\t<div class=\"elementor-element elementor-element-3b2a672 elementor-widget elementor-widget-text-editor\" data-id=\"3b2a672\" data-element_type=\"widget\" data-e-type=\"widget\" data-widget_type=\"text-editor.default\">\n\t\t\t\t<div class=\"elementor-widget-container\">\n\t\t\t\t\t\t\t\t\t<p>Situ\u00e9 dans le cimeti\u00e8re communal, il est \u00e0 la fois un ossuaire ( regroupant les ossements des tombes de l&rsquo;ancien cimeti\u00e8re d\u00e9truit pendant la guerre ) et un monument aux morts sur lequel sont grav\u00e9s neuf noms.<\/p>\t\t\t\t\t\t\t\t<\/div>\n\t\t\t\t<\/div>\n\t\t\t\t\t<\/div>\n\t\t<\/div>\n\t\t\t\t\t<\/div>\n\t\t<\/section>\n\t\t\t\t<section class=\"elementor-section elementor-top-section elementor-element elementor-element-6430ddc elementor-section-boxed elementor-section-height-default elementor-section-height-default\" data-id=\"6430ddc\" data-element_type=\"section\" data-e-type=\"section\">\n\t\t\t\t\t\t<div class=\"elementor-container elementor-column-gap-default\">\n\t\t\t\t\t<div class=\"elementor-column elementor-col-50 elementor-top-column elementor-element elementor-element-0eb343a\" data-id=\"0eb343a\" data-element_type=\"column\" data-e-type=\"column\">\n\t\t\t<div class=\"elementor-widget-wrap elementor-element-populated\">\n\t\t\t\t\t\t<div class=\"elementor-element elementor-element-0fb3d18 elementor-widget elementor-widget-image\" data-id=\"0fb3d18\" data-element_type=\"widget\" data-e-type=\"widget\" data-widget_type=\"image.default\">\n\t\t\t\t<div class=\"elementor-widget-container\">\n\t\t\t\t\t\t\t\t\t\t\t\t\t\t\t\t<a href=\"https:\/\/lesparge.fr\/wp-content\/uploads\/2023\/02\/village-borne-e1709228863593.jpg\" data-elementor-open-lightbox=\"yes\" data-elementor-lightbox-title=\"village-borne\" data-e-action-hash=\"#elementor-action%3Aaction%3Dlightbox%26settings%3DeyJpZCI6NjU2LCJ1cmwiOiJodHRwczpcL1wvbGVzcGFyZ2UuZnJcL3dwLWNvbnRlbnRcL3VwbG9hZHNcLzIwMjNcLzAyXC92aWxsYWdlLWJvcm5lLWUxNzA5MjI4ODYzNTkzLmpwZyJ9\">\n\t\t\t\t\t\t\t<img decoding=\"async\" src=\"https:\/\/lesparge.fr\/wp-content\/uploads\/elementor\/thumbs\/village-borne-e1709228863593-qkj7f8w4h3pe8x39c9el9i9i5gx4i58bhvrxxpez4i.jpg\" title=\"village-borne\" alt=\"village-borne\" loading=\"lazy\" \/>\t\t\t\t\t\t\t\t<\/a>\n\t\t\t\t\t\t\t\t\t\t\t\t\t\t\t<\/div>\n\t\t\t\t<\/div>\n\t\t\t\t\t<\/div>\n\t\t<\/div>\n\t\t\t\t<div class=\"elementor-column elementor-col-50 elementor-top-column elementor-element elementor-element-77ae1d6\" data-id=\"77ae1d6\" data-element_type=\"column\" data-e-type=\"column\">\n\t\t\t<div class=\"elementor-widget-wrap elementor-element-populated\">\n\t\t\t\t\t\t<div class=\"elementor-element elementor-element-6ff8a20 center-mobile elementor-widget elementor-widget-heading\" data-id=\"6ff8a20\" data-element_type=\"widget\" data-e-type=\"widget\" data-widget_type=\"heading.default\">\n\t\t\t\t<div class=\"elementor-widget-container\">\n\t\t\t\t\t<h2 class=\"elementor-heading-title elementor-size-default\">LA BORNE \"MOREAU-VAUTHIER\"<\/h2>\t\t\t\t<\/div>\n\t\t\t\t<\/div>\n\t\t\t\t<div class=\"elementor-element elementor-element-05f54aa elementor-widget elementor-widget-text-editor\" data-id=\"05f54aa\" data-element_type=\"widget\" data-e-type=\"widget\" data-widget_type=\"text-editor.default\">\n\t\t\t\t<div class=\"elementor-widget-container\">\n\t\t\t\t\t\t\t\t\t<p>A la sortie du village, en direction de Saint R\u00e9my la Calonne, la borne \u201cMoreau-Vauthier\u201d semblable \u00e0 celles qui s\u2019\u00e9chelonnent sur les 600 kms du front, porte l\u2019inscription:<br \/>\u201cICI FUT ARR\u00caT\u00c9 L\u2019ENVAHISSEUR\u201d.<\/p>\t\t\t\t\t\t\t\t<\/div>\n\t\t\t\t<\/div>\n\t\t\t\t\t<\/div>\n\t\t<\/div>\n\t\t\t\t\t<\/div>\n\t\t<\/section>\n\t\t\t\t<section class=\"elementor-section elementor-top-section elementor-element elementor-element-fc5345c elementor-section-boxed elementor-section-height-default elementor-section-height-default\" data-id=\"fc5345c\" data-element_type=\"section\" data-e-type=\"section\">\n\t\t\t\t\t\t<div class=\"elementor-container elementor-column-gap-default\">\n\t\t\t\t\t<div class=\"elementor-column elementor-col-50 elementor-top-column elementor-element elementor-element-0e0bf00\" data-id=\"0e0bf00\" data-element_type=\"column\" data-e-type=\"column\">\n\t\t\t<div class=\"elementor-widget-wrap elementor-element-populated\">\n\t\t\t\t\t\t<div class=\"elementor-element elementor-element-6d68ce1 elementor-widget elementor-widget-image\" data-id=\"6d68ce1\" data-element_type=\"widget\" data-e-type=\"widget\" data-widget_type=\"image.default\">\n\t\t\t\t<div class=\"elementor-widget-container\">\n\t\t\t\t\t\t\t\t\t\t\t\t\t\t\t\t<a href=\"https:\/\/lesparge.fr\/wp-content\/uploads\/2024\/03\/affiche-2-001.jpg\" data-elementor-open-lightbox=\"yes\" data-elementor-lightbox-title=\"Vox Memoris\" data-e-action-hash=\"#elementor-action%3Aaction%3Dlightbox%26settings%3DeyJpZCI6MzgyMCwidXJsIjoiaHR0cHM6XC9cL2xlc3BhcmdlLmZyXC93cC1jb250ZW50XC91cGxvYWRzXC8yMDI0XC8wM1wvYWZmaWNoZS0yLTAwMS5qcGcifQ%3D%3D\">\n\t\t\t\t\t\t\t<img decoding=\"async\" src=\"https:\/\/lesparge.fr\/wp-content\/uploads\/elementor\/thumbs\/affiche-2-001-qx3012yycafkv258piwf4loj0wlsjb7lhoz4xqf8j6.jpg\" title=\"Vox Memoris\" alt=\"Vox Memoris\" loading=\"lazy\" \/>\t\t\t\t\t\t\t\t<\/a>\n\t\t\t\t\t\t\t\t\t\t\t\t\t\t\t<\/div>\n\t\t\t\t<\/div>\n\t\t\t\t\t<\/div>\n\t\t<\/div>\n\t\t\t\t<div class=\"elementor-column elementor-col-50 elementor-top-column elementor-element elementor-element-77a425c\" data-id=\"77a425c\" data-element_type=\"column\" data-e-type=\"column\">\n\t\t\t<div class=\"elementor-widget-wrap elementor-element-populated\">\n\t\t\t\t\t\t<div class=\"elementor-element elementor-element-08f4d47 center-mobile elementor-widget elementor-widget-heading\" data-id=\"08f4d47\" data-element_type=\"widget\" data-e-type=\"widget\" data-widget_type=\"heading.default\">\n\t\t\t\t<div class=\"elementor-widget-container\">\n\t\t\t\t\t<h2 class=\"elementor-heading-title elementor-size-default\">Vox Memoris<\/h2>\t\t\t\t<\/div>\n\t\t\t\t<\/div>\n\t\t\t\t<div class=\"elementor-element elementor-element-8a32a28 elementor-widget elementor-widget-text-editor\" data-id=\"8a32a28\" data-element_type=\"widget\" data-e-type=\"widget\" data-widget_type=\"text-editor.default\">\n\t\t\t\t<div class=\"elementor-widget-container\">\n\t\t\t\t\t\t\t\t\t<p>La radio des sites de m\u00e9moire de la 1\u00e8re guerre mondiale<\/p>\t\t\t\t\t\t\t\t<\/div>\n\t\t\t\t<\/div>\n\t\t\t\t\t<\/div>\n\t\t<\/div>\n\t\t\t\t\t<\/div>\n\t\t<\/section>\n\t\t\t\t<\/div>\n\t\t","protected":false},"excerpt":{"rendered":"<p>LE VILLAGE Situ\u00e9 au pied de La cr\u00eate qui porte son nom, le village des \u00c9parges fut enti\u00e8rement d\u00e9truit durant la Grande Guerre.C\u2019est en partie gr\u00e2ce au don providentiel de M. Andries Van Wezel qu\u2019il fut reconstruit et inaugur\u00e9 en 1923. \u00a0 LE BUSTE DE MAURICE GENEVOIX Le buste de Maurice Genevoix \u00e9rig\u00e9 devant la [&hellip;]<\/p>\n","protected":false},"author":1,"featured_media":0,"parent":0,"menu_order":0,"comment_status":"closed","ping_status":"closed","template":"","meta":{"ocean_post_layout":"full-width","ocean_both_sidebars_style":"","ocean_both_sidebars_content_width":0,"ocean_both_sidebars_sidebars_width":0,"ocean_sidebar":"0","ocean_second_sidebar":"0","ocean_disable_margins":"enable","ocean_add_body_class":"","ocean_shortcode_before_top_bar":"","ocean_shortcode_after_top_bar":"","ocean_shortcode_before_header":"","ocean_shortcode_after_header":"","ocean_has_shortcode":"","ocean_shortcode_after_title":"","ocean_shortcode_before_footer_widgets":"","ocean_shortcode_after_footer_widgets":"","ocean_shortcode_before_footer_bottom":"","ocean_shortcode_after_footer_bottom":"","ocean_display_top_bar":"default","ocean_display_header":"default","ocean_header_style":"","ocean_center_header_left_menu":"0","ocean_custom_header_template":"0","ocean_custom_logo":0,"ocean_custom_retina_logo":0,"ocean_custom_logo_max_width":0,"ocean_custom_logo_tablet_max_width":0,"ocean_custom_logo_mobile_max_width":0,"ocean_custom_logo_max_height":0,"ocean_custom_logo_tablet_max_height":0,"ocean_custom_logo_mobile_max_height":0,"ocean_header_custom_menu":"0","ocean_menu_typo_font_family":"0","ocean_menu_typo_font_subset":"","ocean_menu_typo_font_size":0,"ocean_menu_typo_font_size_tablet":0,"ocean_menu_typo_font_size_mobile":0,"ocean_menu_typo_font_size_unit":"px","ocean_menu_typo_font_weight":"","ocean_menu_typo_font_weight_tablet":"","ocean_menu_typo_font_weight_mobile":"","ocean_menu_typo_transform":"","ocean_menu_typo_transform_tablet":"","ocean_menu_typo_transform_mobile":"","ocean_menu_typo_line_height":0,"ocean_menu_typo_line_height_tablet":0,"ocean_menu_typo_line_height_mobile":0,"ocean_menu_typo_line_height_unit":"","ocean_menu_typo_spacing":0,"ocean_menu_typo_spacing_tablet":0,"ocean_menu_typo_spacing_mobile":0,"ocean_menu_typo_spacing_unit":"","ocean_menu_link_color":"","ocean_menu_link_color_hover":"","ocean_menu_link_color_active":"","ocean_menu_link_background":"","ocean_menu_link_hover_background":"","ocean_menu_link_active_background":"","ocean_menu_social_links_bg":"","ocean_menu_social_hover_links_bg":"","ocean_menu_social_links_color":"","ocean_menu_social_hover_links_color":"","ocean_disable_title":"default","ocean_disable_heading":"default","ocean_post_title":"","ocean_post_subheading":"","ocean_post_title_style":"background-image","ocean_post_title_background_color":"","ocean_post_title_background":1074,"ocean_post_title_bg_image_position":"center center","ocean_post_title_bg_image_attachment":"","ocean_post_title_bg_image_repeat":"","ocean_post_title_bg_image_size":"","ocean_post_title_height":0,"ocean_post_title_bg_overlay":0.5,"ocean_post_title_bg_overlay_color":"","ocean_disable_breadcrumbs":"default","ocean_breadcrumbs_color":"","ocean_breadcrumbs_separator_color":"","ocean_breadcrumbs_links_color":"","ocean_breadcrumbs_links_hover_color":"","ocean_display_footer_widgets":"default","ocean_display_footer_bottom":"default","ocean_custom_footer_template":"0","footnotes":""},"class_list":["post-1072","page","type-page","status-publish","hentry","entry"],"_links":{"self":[{"href":"https:\/\/lesparge.fr\/index.php\/wp-json\/wp\/v2\/pages\/1072","targetHints":{"allow":["GET"]}}],"collection":[{"href":"https:\/\/lesparge.fr\/index.php\/wp-json\/wp\/v2\/pages"}],"about":[{"href":"https:\/\/lesparge.fr\/index.php\/wp-json\/wp\/v2\/types\/page"}],"author":[{"embeddable":true,"href":"https:\/\/lesparge.fr\/index.php\/wp-json\/wp\/v2\/users\/1"}],"replies":[{"embeddable":true,"href":"https:\/\/lesparge.fr\/index.php\/wp-json\/wp\/v2\/comments?post=1072"}],"version-history":[{"count":52,"href":"https:\/\/lesparge.fr\/index.php\/wp-json\/wp\/v2\/pages\/1072\/revisions"}],"predecessor-version":[{"id":3826,"href":"https:\/\/lesparge.fr\/index.php\/wp-json\/wp\/v2\/pages\/1072\/revisions\/3826"}],"wp:attachment":[{"href":"https:\/\/lesparge.fr\/index.php\/wp-json\/wp\/v2\/media?parent=1072"}],"curies":[{"name":"wp","href":"https:\/\/api.w.org\/{rel}","templated":true}]}}