{"id":181,"date":"2023-02-08T17:03:00","date_gmt":"2023-02-08T16:03:00","guid":{"rendered":"https:\/\/oceanwp.org\/gym\/?page_id=181"},"modified":"2025-02-11T11:02:41","modified_gmt":"2025-02-11T10:02:41","slug":"membership","status":"publish","type":"page","link":"https:\/\/lesparge.fr\/index.php\/membership\/","title":{"rendered":"2023"},"content":{"rendered":"\t\t<div data-elementor-type=\"wp-post\" data-elementor-id=\"181\" class=\"elementor elementor-181\">\n\t\t\t\t\t\t<section class=\"elementor-section elementor-top-section elementor-element elementor-element-cf86e47 elementor-section-boxed elementor-section-height-default elementor-section-height-default\" data-id=\"cf86e47\" data-element_type=\"section\" data-e-type=\"section\" data-settings=\"{&quot;background_background&quot;:&quot;gradient&quot;}\">\n\t\t\t\t\t\t<div class=\"elementor-container elementor-column-gap-default\">\n\t\t\t\t\t<div class=\"elementor-column elementor-col-50 elementor-top-column elementor-element elementor-element-b6716d1\" data-id=\"b6716d1\" data-element_type=\"column\" data-e-type=\"column\">\n\t\t\t<div class=\"elementor-widget-wrap elementor-element-populated\">\n\t\t\t\t\t\t<div class=\"elementor-element elementor-element-cad4442 elementor-widget elementor-widget-spacer\" data-id=\"cad4442\" data-element_type=\"widget\" data-e-type=\"widget\" data-widget_type=\"spacer.default\">\n\t\t\t\t<div class=\"elementor-widget-container\">\n\t\t\t\t\t\t\t<div class=\"elementor-spacer\">\n\t\t\t<div class=\"elementor-spacer-inner\"><\/div>\n\t\t<\/div>\n\t\t\t\t\t\t<\/div>\n\t\t\t\t<\/div>\n\t\t\t\t<div class=\"elementor-element elementor-element-f405a9b center-mobile elementor-widget elementor-widget-heading\" data-id=\"f405a9b\" data-element_type=\"widget\" data-e-type=\"widget\" data-widget_type=\"heading.default\">\n\t\t\t\t<div class=\"elementor-widget-container\">\n\t\t\t\t\t<h2 class=\"elementor-heading-title elementor-size-default\">2023<\/h2>\t\t\t\t<\/div>\n\t\t\t\t<\/div>\n\t\t\t\t\t<\/div>\n\t\t<\/div>\n\t\t\t\t<div class=\"elementor-column elementor-col-50 elementor-top-column elementor-element elementor-element-d5878e6\" data-id=\"d5878e6\" data-element_type=\"column\" data-e-type=\"column\">\n\t\t\t<div class=\"elementor-widget-wrap elementor-element-populated\">\n\t\t\t\t\t\t<div class=\"elementor-element elementor-element-4956569 elementor-widget elementor-widget-spacer\" data-id=\"4956569\" data-element_type=\"widget\" data-e-type=\"widget\" data-widget_type=\"spacer.default\">\n\t\t\t\t<div class=\"elementor-widget-container\">\n\t\t\t\t\t\t\t<div class=\"elementor-spacer\">\n\t\t\t<div class=\"elementor-spacer-inner\"><\/div>\n\t\t<\/div>\n\t\t\t\t\t\t<\/div>\n\t\t\t\t<\/div>\n\t\t\t\t<div class=\"elementor-element elementor-element-bc13e87 center-mobile elementor-widget elementor-widget-heading\" data-id=\"bc13e87\" data-element_type=\"widget\" data-e-type=\"widget\" data-widget_type=\"heading.default\">\n\t\t\t\t<div class=\"elementor-widget-container\">\n\t\t\t\t\t<h2 class=\"elementor-heading-title elementor-size-default\">F\u00e9vrier<\/h2>\t\t\t\t<\/div>\n\t\t\t\t<\/div>\n\t\t\t\t<div class=\"elementor-element elementor-element-e2dfd7b elementor-widget elementor-widget-text-editor\" data-id=\"e2dfd7b\" data-element_type=\"widget\" data-e-type=\"widget\" data-widget_type=\"text-editor.default\">\n\t\t\t\t<div class=\"elementor-widget-container\">\n\t\t\t\t\t\t\t\t\t<ul><li><strong>Jeudi 2 f\u00e9vrier<\/strong>\u00a0: ouverture de la Maison du site des \u00c9parges<\/li><li><strong>Mercredi 8 f\u00e9vrier<\/strong>\u00a0: atelier g\u00e9n\u00e9alogie avec Claudine Boigegrain \u00e0 la Maison du site des \u00c9parges \u00e0 partir de 14h.<\/li><\/ul>\t\t\t\t\t\t\t\t<\/div>\n\t\t\t\t<\/div>\n\t\t\t\t<div class=\"elementor-element elementor-element-5311541 center-mobile elementor-widget elementor-widget-heading\" data-id=\"5311541\" data-element_type=\"widget\" data-e-type=\"widget\" data-widget_type=\"heading.default\">\n\t\t\t\t<div class=\"elementor-widget-container\">\n\t\t\t\t\t<h2 class=\"elementor-heading-title elementor-size-default\">mARS<\/h2>\t\t\t\t<\/div>\n\t\t\t\t<\/div>\n\t\t\t\t<div class=\"elementor-element elementor-element-0536689 elementor-widget elementor-widget-text-editor\" data-id=\"0536689\" data-element_type=\"widget\" data-e-type=\"widget\" data-widget_type=\"text-editor.default\">\n\t\t\t\t<div class=\"elementor-widget-container\">\n\t\t\t\t\t\t\t\t\t<ul><li><strong>Samedi 4 mars<\/strong>\u00a0: conf\u00e9rence \u00ab\u00a0L\u2019eau, un tr\u00e9sor \u00e0 g\u00e9rer et \u00e0 pr\u00e9server\u00a0\u00bb par Lionel Jacquemin, Pr\u00e9sident du SIELL*. RDV \u00e0 14h30 \u00e0 la salle le Barboux. Entr\u00e9e\u00a0: 5\u20ac\/pers<\/li><\/ul><p>*<i>Le SIELL,<\/i> <i>Syndicat Intercommunal des Eaux Laffon de Ladebat,<\/i><i> cr\u00e9\u00e9 le 10 octobre 1947, assure aujourd\u2019hui l\u2019alimentation en eau potable \u00e0 49 communes meusiennes et \u00e0 2 communes de Meurthe-et-Moselle. Il porte le nom du jeune ing\u00e9nieur qui fonda le syndicat et qui eut la charge de l\u2019alimentation en eau potable des villages de la Wo\u00ebvre et des C\u00f4tes de Meuse.<\/i><\/p><ul><li><i><\/i><strong>Mardi 7 mars<\/strong>\u00a0: \u00ab\u00a0marche nature et m\u00e9moire\u00a0\u00bb avec Bernard Fran\u00e7ois (r\u00e9serv\u00e9e aux adh\u00e9rents de L\u2019Esparge) &#8211; \u00ab\u00a0l\u2019h\u00f4pital d\u2019Herbeuville et l\u2019abri des pionniers\u00a0\u00bb 12,6 km &#8211; RDV \u00e0 14h \u2013 place Maurice Genevoix aux \u00c9parges. S\u2019inscrire aupr\u00e8s de Bernard au 06.18.25.34.03.<\/li><li><p><strong>Samedi 18 mars<\/strong>\u00a0: circuit historique avec Nicolas Czubak sur la cr\u00eate des \u00c9parges. RDV 14h place Maurice Genevoix \u2013 prix\u00a0: 5\u20ac\/pers. \u2013 dur\u00e9e\u00a0: 3h-3h30. <i>En cas de mauvais temps, une visite virtuelle avec diaporama aura lieu dans la salle Le Barboux<\/i><\/p><\/li><\/ul>\t\t\t\t\t\t\t\t<\/div>\n\t\t\t\t<\/div>\n\t\t\t\t<div class=\"elementor-element elementor-element-2b4efd5 center-mobile elementor-widget elementor-widget-heading\" data-id=\"2b4efd5\" data-element_type=\"widget\" data-e-type=\"widget\" data-widget_type=\"heading.default\">\n\t\t\t\t<div class=\"elementor-widget-container\">\n\t\t\t\t\t<h2 class=\"elementor-heading-title elementor-size-default\">AVRIL<\/h2>\t\t\t\t<\/div>\n\t\t\t\t<\/div>\n\t\t\t\t<div class=\"elementor-element elementor-element-ef3c757 elementor-widget elementor-widget-text-editor\" data-id=\"ef3c757\" data-element_type=\"widget\" data-e-type=\"widget\" data-widget_type=\"text-editor.default\">\n\t\t\t\t<div class=\"elementor-widget-container\">\n\t\t\t\t\t\t\t\t\t<ul><li><strong>Lundi 10 avril<\/strong>\u00a0: c\u00e9r\u00e9monie du lundi de P\u00e2ques \u00e0 la n\u00e9cropole du Trottoir (organis\u00e9e par le Souvenir Fran\u00e7ais) <i>\u2013<\/i> RDV \u00e0 10 h 15<\/li><\/ul><ul><li><strong>Mardi 11 avril<\/strong>\u00a0: \u00ab\u00a0marche nature et m\u00e9moire\u00a0\u00bb avec Bernard Fran\u00e7ois. \u00ab\u00a0Sur les pas des \u00e9crivains-combattants\u00a0\u00bb \u2013 13 km \u2013 RDV \u00e0 14h place Maurice Genevoix. S\u2019inscrire aupr\u00e8s de Bernard.<\/li><\/ul><ul><li><strong>Samedi 22 avril<\/strong>\u00a0: conf\u00e9rence \u00ab\u00a0Enqu\u00eate d\u2019identit\u00e9s\u00a0\u00bb (ou comment le m\u00e9decin l\u00e9giste m\u00e8ne-t-il l\u2019enqu\u00eate pour retrouver l\u2019identit\u00e9 et les circonstances de la mort d\u2019un corps inhum\u00e9 en pleine nature\u00a0?) \u2013<span class=\"Apple-converted-space\">\u00a0 <\/span>par le Docteur Bruno Fr\u00e9mont. RDV \u00e0 14h30 \u00e0 la salle le Barboux. Entr\u00e9e\u00a0: 5\u20ac\/pers.<\/li><\/ul>\t\t\t\t\t\t\t\t<\/div>\n\t\t\t\t<\/div>\n\t\t\t\t<div class=\"elementor-element elementor-element-d57a8b7 center-mobile elementor-widget elementor-widget-heading\" data-id=\"d57a8b7\" data-element_type=\"widget\" data-e-type=\"widget\" data-widget_type=\"heading.default\">\n\t\t\t\t<div class=\"elementor-widget-container\">\n\t\t\t\t\t<h2 class=\"elementor-heading-title elementor-size-default\">MAI<\/h2>\t\t\t\t<\/div>\n\t\t\t\t<\/div>\n\t\t\t\t<div class=\"elementor-element elementor-element-043d586 elementor-widget elementor-widget-text-editor\" data-id=\"043d586\" data-element_type=\"widget\" data-e-type=\"widget\" data-widget_type=\"text-editor.default\">\n\t\t\t\t<div class=\"elementor-widget-container\">\n\t\t\t\t\t\t\t\t\t<ul><li><strong>Samedi 13 mai\u00a0<\/strong>: conf\u00e9rence \u00ab\u00a0Les tuniques bleues\u00a0\u00bb (coup de projecteur sur le contexte dans lequel a \u00e9t\u00e9 tourn\u00e9 les \u00e9pisodes de Rintintin dont nous avons parl\u00e9 dans le Petit Journal n\u00b0 56) par Xavier Pierson. RDV \u00e0 14h30 \u00e0 la salle le Barboux. Prix\u00a0: 5\u20ac\/pers.<\/li><li><strong>Lundi 29 mai<\/strong> : C\u00e9r\u00e9monie du Lundi de Pentec\u00f4te ( d\u00e9tails \u00e0 pr\u00e9ciser)<\/li><\/ul>\t\t\t\t\t\t\t\t<\/div>\n\t\t\t\t<\/div>\n\t\t\t\t<div class=\"elementor-element elementor-element-4946fcc center-mobile elementor-widget elementor-widget-heading\" data-id=\"4946fcc\" data-element_type=\"widget\" data-e-type=\"widget\" data-widget_type=\"heading.default\">\n\t\t\t\t<div class=\"elementor-widget-container\">\n\t\t\t\t\t<h2 class=\"elementor-heading-title elementor-size-default\">juin<\/h2>\t\t\t\t<\/div>\n\t\t\t\t<\/div>\n\t\t\t\t<div class=\"elementor-element elementor-element-41b7a28 elementor-widget elementor-widget-text-editor\" data-id=\"41b7a28\" data-element_type=\"widget\" data-e-type=\"widget\" data-widget_type=\"text-editor.default\">\n\t\t\t\t<div class=\"elementor-widget-container\">\n\t\t\t\t\t\t\t\t\t<ul><li><strong>Mardi 6 juin\u00a0<\/strong>: Visite des tranch\u00e9es allemandes de Flirey. Ces tranch\u00e9es en partie b\u00e9tonn\u00e9es sont conserv\u00e9es, maintenues et entretenues par l&rsquo;association ALHIMIC. Prix :\u00a02 \u20ac\/pers. Rendez-vous \u00e0 14 h 30 \u00e0 Flirey<\/li><li><strong>Mardi 13 juin<\/strong> : Marche Nature et M\u00e9moire. \u00a0\u00bb Le cantonnement \u00e0 Mont-sous-les-C\u00f4tes\u00a0\u00bb (14 km). D\u00e9part 14 h, Les Eparges \u00ab\u00a0<\/li><\/ul>\t\t\t\t\t\t\t\t<\/div>\n\t\t\t\t<\/div>\n\t\t\t\t<div class=\"elementor-element elementor-element-307ba66 center-mobile elementor-widget elementor-widget-heading\" data-id=\"307ba66\" data-element_type=\"widget\" data-e-type=\"widget\" data-widget_type=\"heading.default\">\n\t\t\t\t<div class=\"elementor-widget-container\">\n\t\t\t\t\t<h2 class=\"elementor-heading-title elementor-size-default\">Juillet<\/h2>\t\t\t\t<\/div>\n\t\t\t\t<\/div>\n\t\t\t\t<div class=\"elementor-element elementor-element-285fd53 elementor-widget elementor-widget-text-editor\" data-id=\"285fd53\" data-element_type=\"widget\" data-e-type=\"widget\" data-widget_type=\"text-editor.default\">\n\t\t\t\t<div class=\"elementor-widget-container\">\n\t\t\t\t\t\t\t\t\t<ul><li><strong>Mardi 4 juillet<\/strong> : Marche Nature et M\u00e9moire. \u00a0\u00bb Ein Verbandplatz\u00a0\u00bb sur le chemin des \u00e9tangs du Longeau (12 km). D\u00e9part 9 h de Dommartin<\/li><li><strong>Samedi 8 juillet<\/strong> : Sortie-\u00e9tude pour les adh\u00e9rents avec Nicolas Czubak. Sur le site de la for\u00eat d&rsquo;Apremont. RDV : 9 h 30 \u00e0 l&rsquo;\u00e9glise d&rsquo;Apremont. Repas tir\u00e9 du sac<\/li><\/ul>\t\t\t\t\t\t\t\t<\/div>\n\t\t\t\t<\/div>\n\t\t\t\t<div class=\"elementor-element elementor-element-52f2c82 center-mobile elementor-widget elementor-widget-heading\" data-id=\"52f2c82\" data-element_type=\"widget\" data-e-type=\"widget\" data-widget_type=\"heading.default\">\n\t\t\t\t<div class=\"elementor-widget-container\">\n\t\t\t\t\t<h2 class=\"elementor-heading-title elementor-size-default\">septembre<\/h2>\t\t\t\t<\/div>\n\t\t\t\t<\/div>\n\t\t\t\t<div class=\"elementor-element elementor-element-8aab697 elementor-widget elementor-widget-text-editor\" data-id=\"8aab697\" data-element_type=\"widget\" data-e-type=\"widget\" data-widget_type=\"text-editor.default\">\n\t\t\t\t<div class=\"elementor-widget-container\">\n\t\t\t\t\t\t\t\t\t<ul><li><strong>Samedi 9 septembre<\/strong> : circuit historique avec Nicolas Czubak. RDV 14h \u00e0 la maison de site des \u00c9parges \u2013 prix : 5\u20ac\/pers. \u2013 dur\u00e9e : 3h. <i>En cas de mauvais temps, ces circuits seront pr\u00e9sent\u00e9s en vid\u00e9oconf\u00e9rence dans la salle Le Barboux<\/i><\/li><li><div class=\"page\" title=\"Page 19\"><div class=\"layoutArea\"><div class=\"column\"><p><strong>Samedi 16 septembre<\/strong> : a\u0300 20h concert dans l\u2019e\u0301glise Saint-Martin des E\u0301parges organise\u0301 par l\u2019association \u00ab Musiques aux Mirabelles \u00bb (www.musiqueauxmirabelles.fr) en partenariat avec L\u2019Esparge a\u0300 l\u2019occasion du centenaire de la reconstruction des E\u0301parges. Les invite\u0301s sont : Julie Cherrier-Hoffmann (soprano) accompagne\u0301e de Fre\u0301de\u0301ric Chaslin (piano) et Nicolas Dautricourt (violon). Un beau re\u0301pertoire au programme : Bach, Chausson, Elgar, Ce\u0301sar Franck, Saint-Saens et Strauss ! A ne pas manquer !<\/p><p>Tarifs : plein tarif a\u0300 20\u20ac, pour les habitants des E\u0301parges 10\u20ac et gratuit pour les moins de 16 ans.<\/p><\/div><\/div><\/div><\/li><\/ul>\t\t\t\t\t\t\t\t<\/div>\n\t\t\t\t<\/div>\n\t\t\t\t<div class=\"elementor-element elementor-element-bb941d4 elementor-widget elementor-widget-text-editor\" data-id=\"bb941d4\" data-element_type=\"widget\" data-e-type=\"widget\" data-widget_type=\"text-editor.default\">\n\t\t\t\t<div class=\"elementor-widget-container\">\n\t\t\t\t\t\t\t\t\t<ul><li><strong>Dimanche 17 septembre<\/strong> : Journ\u00e9es du patrimoine aux \u00c9parges. <a href=\"https:\/\/lesparge.fr\/wp-content\/uploads\/2023\/06\/journree-patrimoine.pdf\"><strong><span style=\"text-decoration: underline;\">Voir le programme<\/span><\/strong><\/a><br \/><div class=\"layoutArea\">\u00a0<\/div><\/li><\/ul>\t\t\t\t\t\t\t\t<\/div>\n\t\t\t\t<\/div>\n\t\t\t\t<div class=\"elementor-element elementor-element-f9cce96 elementor-widget elementor-widget-text-editor\" data-id=\"f9cce96\" data-element_type=\"widget\" data-e-type=\"widget\" data-widget_type=\"text-editor.default\">\n\t\t\t\t<div class=\"elementor-widget-container\">\n\t\t\t\t\t\t\t\t\t<p>\u00a0<\/p><ul><li><div class=\"page\" title=\"Page 19\"><div class=\"layoutArea\"><div class=\"column\"><p><strong>Jeudi 21 septembre<\/strong> : Remise de la me\u0301daille de bronze et de la me\u0301daille d\u2019or de la Renaissance Franc\u0327aise a\u0300 L\u2019Esparge et a\u0300 sa pre\u0301sidente a\u0300 l\u2019occasion du ravivage de la Flamme sous l\u2019Arc de Triomphe a\u0300 Paris.<\/p><p>Ces distinctions nous ont e\u0301te\u0301 signifie\u0301es le 15 mai 2022 par la Commission des distinctions de La Renaissance Franc\u0327aise au titre de \u00ab l\u2019\u0153uvre a\u0300 la promotion du patrimoine me\u0301moriel \u00bb.<\/p><p>Notre amie Nelly Dulcy sera a\u0300 nos co\u0302te\u0301s, elle vient d\u2019e\u0302tre nomme\u0301e de\u0301le\u0301gue\u0301e de la Renaissance Franc\u0327aise en Meuse.<\/p><\/div><\/div><\/div><\/li><\/ul>\t\t\t\t\t\t\t\t<\/div>\n\t\t\t\t<\/div>\n\t\t\t\t<div class=\"elementor-element elementor-element-f8bfe94 center-mobile elementor-widget elementor-widget-heading\" data-id=\"f8bfe94\" data-element_type=\"widget\" data-e-type=\"widget\" data-widget_type=\"heading.default\">\n\t\t\t\t<div class=\"elementor-widget-container\">\n\t\t\t\t\t<h2 class=\"elementor-heading-title elementor-size-default\">OCTOBRE<\/h2>\t\t\t\t<\/div>\n\t\t\t\t<\/div>\n\t\t\t\t<div class=\"elementor-element elementor-element-5e91dc6 elementor-widget elementor-widget-text-editor\" data-id=\"5e91dc6\" data-element_type=\"widget\" data-e-type=\"widget\" data-widget_type=\"text-editor.default\">\n\t\t\t\t<div class=\"elementor-widget-container\">\n\t\t\t\t\t\t\t\t\t<ul><li><div class=\"page\" title=\"Page 19\"><div class=\"layoutArea\"><div class=\"column\"><p><span style=\"color: #333333;\"><strong>Lundi 9 octobre<\/strong> au cimetie\u0300re de Montmartre : a\u0300 11h &#8211; ce\u0301re\u0301monie d\u2019hommage au sous-lieutenant Paul-Robert Dreyfus. Cette ce\u0301re\u0301monie me\u0301morielle est organise\u0301e par le Souvenir Franc\u0327ais National, en pre\u0301sence de hautes autorite\u0301s civiles et militaires, ainsi que des personnalite\u0301s du monde associatif. <\/span><\/p><p><span style=\"color: #333333;\">Le bureau de L\u2019Esparge et le maire des E\u0301parges seront accompagne\u0301s de Linda Kaufman (notre consultante ame\u0301ricaine) qui s\u2019est beaucoup investie a\u0300 nos co\u0302te\u0301s pour retrouver des descendants des familles van Wezel, Asscher et Dreyfus (en France, aux Pays-Bas et aux E\u0301tats-Unis).<\/span><\/p><\/div><\/div><\/div><\/li><\/ul>\t\t\t\t\t\t\t\t<\/div>\n\t\t\t\t<\/div>\n\t\t\t\t<div class=\"elementor-element elementor-element-57790c8 elementor-widget elementor-widget-text-editor\" data-id=\"57790c8\" data-element_type=\"widget\" data-e-type=\"widget\" data-widget_type=\"text-editor.default\">\n\t\t\t\t<div class=\"elementor-widget-container\">\n\t\t\t\t\t\t\t\t\t<ul><li><span style=\"color: #333333;\"><span style=\"color: #333333;\"><b>Samedi 14 octobre<\/b> : <strong>Manifestation franco-hollandaise \u00e0 l&rsquo;occasion du centenaire de la reconstruction des Eparges\u00a0<\/strong><\/span><\/span><br \/><div title=\"Page 19\"><div><div><p>Ce grand rendez-vous a obtenu le soutien de l\u2019Ambassade des Pays-Bas, du Ministe\u0300re de la De\u0301fense, de la CARAC, de la Re\u0301gion Grand Est, du Souvenir Franc\u0327ais, de la CODECOM de Fresnes et de la commune des E\u0301parges. La ville de Verdun sera e\u0301galement notre partenaire.<br \/>Programme :<br \/>Le matin, <strong>aux E\u0301parges<\/strong> :<\/p><p>&#8211; 10h : inauguration du monument van Wezel en pre\u0301sence de l\u2019Ambassadeur des Pays-Bas, du Pre\u0301fet de la Meuse, de descendants des familles van Wezel et Asscher et des nombreuses autorite\u0301s partenaires de ce projet.<\/p><p>&#8211; 11h : vin d\u2019honneur offert par la commune<\/p><p>A midi, a\u0300 <strong>Verdun<\/strong> :<\/p><p>Ce\u0301re\u0301monie aux pieds du Monument \u00ab La De\u0301fense \u00bb (offert par les Pays-Bas a\u0300 la ville de Verdun en 1920) en pre\u0301sence de M. Samuel Hazard, maire de Verdun.<br \/>De 15h30 a\u0300 17h30, dans la grande salle des \u00ab Jardins du Mess \u00bb (a\u0300 Verdun) : Tables rondes anime\u0301es par les historiens Carla Kost, Franc\u0327ois Cochet et Franck Meyer ; Linda Kaufman, Claudine Boigegrain et Patricia Pierson.<br \/>Les the\u0300mes aborde\u0301s offriront un e\u0301clairage peu connu sur \u00ab Les Pays-Bas et leur de\u0301licate neutralite\u0301 durant la Grande Guerre \u00bb, le don de la statue de Rodin a\u0300 la ville de Verdun, le regard de la presse ne\u0301erlandaise sur le conflit et le ro\u0302le du \u00ab Comite\u0301 hollandais de retour au Foyer \u00bb ainsi que l\u2019e\u0301tonnante enque\u0302te mene\u0301e par L\u2019Esparge pour retrouver la trame de l\u2019histoire des E\u0301parges, une histoire qui est tout un symbole !<\/p><\/div><\/div><\/div><\/li><\/ul><ul><li><span style=\"color: #333333;\"><strong>Samedi 21 octobre<\/strong> : circuit historique avec Nicolas Czubak. RDV 14h \u00e0 la maison de site des \u00c9parges \u2013 prix : 5\u20ac\/pers. \u2013 dur\u00e9e : 3h<\/span><\/li><\/ul>\t\t\t\t\t\t\t\t<\/div>\n\t\t\t\t<\/div>\n\t\t\t\t<div class=\"elementor-element elementor-element-e48b68f center-mobile elementor-widget elementor-widget-heading\" data-id=\"e48b68f\" data-element_type=\"widget\" data-e-type=\"widget\" data-widget_type=\"heading.default\">\n\t\t\t\t<div class=\"elementor-widget-container\">\n\t\t\t\t\t<h2 class=\"elementor-heading-title elementor-size-default\">Novembre<\/h2>\t\t\t\t<\/div>\n\t\t\t\t<\/div>\n\t\t\t\t<div class=\"elementor-element elementor-element-8050e9c elementor-widget elementor-widget-text-editor\" data-id=\"8050e9c\" data-element_type=\"widget\" data-e-type=\"widget\" data-widget_type=\"text-editor.default\">\n\t\t\t\t<div class=\"elementor-widget-container\">\n\t\t\t\t\t\t\t\t\t<div class=\"page\" title=\"Page 19\"><div class=\"layoutArea\"><div class=\"column\"><ul><li><span style=\"color: #333333;\"><strong>Vendredi 10 novembre<\/strong> : traditionnelle marche aux Flambeaux (organise\u0301e par la commune des E\u0301parges et L\u2019Esparge). Cette anne\u0301e, un parcours de 28 km sera propose\u0301 en journe\u0301e (traversant les villages de\u0301truits) et s\u2019ache\u0300vera par la ce\u0301re\u0301monie du partage de la Flamme en fin d\u2019apre\u0300s-midi au Monument a\u0300 la Victoire a\u0300 Verdun. \u00a0 \u00a0 A 20h : de\u0301part de la procession aux flambeaux de la place Maurice Genevoix (aux E\u0301parges). A l\u2019issue, un vin chaud sera offert par L\u2019Esparge.<\/span><\/li><\/ul><\/div><\/div><\/div>\t\t\t\t\t\t\t\t<\/div>\n\t\t\t\t<\/div>\n\t\t\t\t<div class=\"elementor-element elementor-element-28a31c6 center-mobile elementor-widget elementor-widget-heading\" data-id=\"28a31c6\" data-element_type=\"widget\" data-e-type=\"widget\" data-widget_type=\"heading.default\">\n\t\t\t\t<div class=\"elementor-widget-container\">\n\t\t\t\t\t<h2 class=\"elementor-heading-title elementor-size-default\">D\u00e9cembre<\/h2>\t\t\t\t<\/div>\n\t\t\t\t<\/div>\n\t\t\t\t<div class=\"elementor-element elementor-element-dfab06b elementor-widget elementor-widget-text-editor\" data-id=\"dfab06b\" data-element_type=\"widget\" data-e-type=\"widget\" data-widget_type=\"text-editor.default\">\n\t\t\t\t<div class=\"elementor-widget-container\">\n\t\t\t\t\t\t\t\t\t<div class=\"page\" title=\"Page 19\"><div class=\"layoutArea\"><div class=\"column\"><ul><li><span style=\"color: #333333;\"><strong>Lundi 4 d\u00e9cembre : <\/strong>Atelier g\u00e9n\u00e9alogie avec Claudine. RDV \u00e0 14 h00 \u00e0 la Maison du site des E\u0301parges<\/span><\/li><\/ul><\/div><\/div><\/div>\t\t\t\t\t\t\t\t<\/div>\n\t\t\t\t<\/div>\n\t\t\t\t<div class=\"elementor-element elementor-element-03e21ab elementor-widget elementor-widget-text-editor\" data-id=\"03e21ab\" data-element_type=\"widget\" data-e-type=\"widget\" data-widget_type=\"text-editor.default\">\n\t\t\t\t<div class=\"elementor-widget-container\">\n\t\t\t\t\t\t\t\t\t<div class=\"page\" title=\"Page 19\"><div class=\"layoutArea\"><div class=\"column\"><ul><li><span style=\"color: #333333;\"><strong>Samedi 16 d\u00e9cembre : <\/strong>Assembl\u00e9e g\u00e9n\u00e9rale, salle Le Barboux \u00e0 14 h 00<\/span><\/li><\/ul><\/div><\/div><\/div>\t\t\t\t\t\t\t\t<\/div>\n\t\t\t\t<\/div>\n\t\t\t\t\t<\/div>\n\t\t<\/div>\n\t\t\t\t\t<\/div>\n\t\t<\/section>\n\t\t\t\t<\/div>\n\t\t","protected":false},"excerpt":{"rendered":"<p>2023 F\u00e9vrier Jeudi 2 f\u00e9vrier\u00a0: ouverture de la Maison du site des \u00c9parges Mercredi 8 f\u00e9vrier\u00a0: atelier g\u00e9n\u00e9alogie avec Claudine Boigegrain \u00e0 la Maison du site des \u00c9parges \u00e0 partir de 14h. mARS Samedi 4 mars\u00a0: conf\u00e9rence \u00ab\u00a0L\u2019eau, un tr\u00e9sor \u00e0 g\u00e9rer et \u00e0 pr\u00e9server\u00a0\u00bb par Lionel Jacquemin, Pr\u00e9sident du SIELL*. RDV \u00e0 14h30 \u00e0 [&hellip;]<\/p>\n","protected":false},"author":1,"featured_media":0,"parent":0,"menu_order":0,"comment_status":"closed","ping_status":"closed","template":"","meta":{"ocean_post_layout":"full-screen","ocean_both_sidebars_style":"","ocean_both_sidebars_content_width":0,"ocean_both_sidebars_sidebars_width":0,"ocean_sidebar":"0","ocean_second_sidebar":"0","ocean_disable_margins":"on","ocean_add_body_class":"","ocean_shortcode_before_top_bar":"","ocean_shortcode_after_top_bar":"","ocean_shortcode_before_header":"","ocean_shortcode_after_header":"","ocean_has_shortcode":"","ocean_shortcode_after_title":"","ocean_shortcode_before_footer_widgets":"","ocean_shortcode_after_footer_widgets":"","ocean_shortcode_before_footer_bottom":"","ocean_shortcode_after_footer_bottom":"","ocean_display_top_bar":"default","ocean_display_header":"default","ocean_header_style":"","ocean_center_header_left_menu":"0","ocean_custom_header_template":"0","ocean_custom_logo":0,"ocean_custom_retina_logo":0,"ocean_custom_logo_max_width":0,"ocean_custom_logo_tablet_max_width":0,"ocean_custom_logo_mobile_max_width":0,"ocean_custom_logo_max_height":0,"ocean_custom_logo_tablet_max_height":0,"ocean_custom_logo_mobile_max_height":0,"ocean_header_custom_menu":"0","ocean_menu_typo_font_family":"0","ocean_menu_typo_font_subset":"","ocean_menu_typo_font_size":0,"ocean_menu_typo_font_size_tablet":0,"ocean_menu_typo_font_size_mobile":0,"ocean_menu_typo_font_size_unit":"px","ocean_menu_typo_font_weight":"","ocean_menu_typo_font_weight_tablet":"","ocean_menu_typo_font_weight_mobile":"","ocean_menu_typo_transform":"","ocean_menu_typo_transform_tablet":"","ocean_menu_typo_transform_mobile":"","ocean_menu_typo_line_height":0,"ocean_menu_typo_line_height_tablet":0,"ocean_menu_typo_line_height_mobile":0,"ocean_menu_typo_line_height_unit":"","ocean_menu_typo_spacing":0,"ocean_menu_typo_spacing_tablet":0,"ocean_menu_typo_spacing_mobile":0,"ocean_menu_typo_spacing_unit":"","ocean_menu_link_color":"","ocean_menu_link_color_hover":"","ocean_menu_link_color_active":"","ocean_menu_link_background":"","ocean_menu_link_hover_background":"","ocean_menu_link_active_background":"","ocean_menu_social_links_bg":"","ocean_menu_social_hover_links_bg":"","ocean_menu_social_links_color":"","ocean_menu_social_hover_links_color":"","ocean_disable_title":"default","ocean_disable_heading":"default","ocean_post_title":"","ocean_post_subheading":"","ocean_post_title_style":"background-image","ocean_post_title_background_color":"","ocean_post_title_background":743,"ocean_post_title_bg_image_position":"center center","ocean_post_title_bg_image_attachment":"","ocean_post_title_bg_image_repeat":"","ocean_post_title_bg_image_size":"","ocean_post_title_height":0,"ocean_post_title_bg_overlay":0.5,"ocean_post_title_bg_overlay_color":"","ocean_disable_breadcrumbs":"default","ocean_breadcrumbs_color":"","ocean_breadcrumbs_separator_color":"","ocean_breadcrumbs_links_color":"","ocean_breadcrumbs_links_hover_color":"","ocean_display_footer_widgets":"default","ocean_display_footer_bottom":"default","ocean_custom_footer_template":"0","footnotes":""},"class_list":["post-181","page","type-page","status-publish","hentry","entry"],"_links":{"self":[{"href":"https:\/\/lesparge.fr\/index.php\/wp-json\/wp\/v2\/pages\/181","targetHints":{"allow":["GET"]}}],"collection":[{"href":"https:\/\/lesparge.fr\/index.php\/wp-json\/wp\/v2\/pages"}],"about":[{"href":"https:\/\/lesparge.fr\/index.php\/wp-json\/wp\/v2\/types\/page"}],"author":[{"embeddable":true,"href":"https:\/\/lesparge.fr\/index.php\/wp-json\/wp\/v2\/users\/1"}],"replies":[{"embeddable":true,"href":"https:\/\/lesparge.fr\/index.php\/wp-json\/wp\/v2\/comments?post=181"}],"version-history":[{"count":127,"href":"https:\/\/lesparge.fr\/index.php\/wp-json\/wp\/v2\/pages\/181\/revisions"}],"predecessor-version":[{"id":4794,"href":"https:\/\/lesparge.fr\/index.php\/wp-json\/wp\/v2\/pages\/181\/revisions\/4794"}],"wp:attachment":[{"href":"https:\/\/lesparge.fr\/index.php\/wp-json\/wp\/v2\/media?parent=181"}],"curies":[{"name":"wp","href":"https:\/\/api.w.org\/{rel}","templated":true}]}}