{"id":971,"date":"2023-02-14T16:07:46","date_gmt":"2023-02-14T15:07:46","guid":{"rendered":"http:\/\/lesparge.fr\/?page_id=971"},"modified":"2025-09-29T07:54:27","modified_gmt":"2025-09-29T05:54:27","slug":"la-crete","status":"publish","type":"page","link":"https:\/\/lesparge.fr\/index.php\/la-crete\/","title":{"rendered":"La cr\u00eate"},"content":{"rendered":"\t\t<div data-elementor-type=\"wp-post\" data-elementor-id=\"971\" class=\"elementor elementor-971\">\n\t\t\t\t\t\t<section class=\"elementor-section elementor-top-section elementor-element elementor-element-f35d28c elementor-section-boxed elementor-section-height-default elementor-section-height-default\" data-id=\"f35d28c\" data-element_type=\"section\" data-e-type=\"section\">\n\t\t\t\t\t\t<div class=\"elementor-container elementor-column-gap-default\">\n\t\t\t\t\t<div class=\"elementor-column elementor-col-50 elementor-top-column elementor-element elementor-element-9e1b917\" data-id=\"9e1b917\" data-element_type=\"column\" data-e-type=\"column\">\n\t\t\t<div class=\"elementor-widget-wrap elementor-element-populated\">\n\t\t\t\t\t\t<div class=\"elementor-element elementor-element-a7005fc elementor-widget elementor-widget-image\" data-id=\"a7005fc\" data-element_type=\"widget\" data-e-type=\"widget\" data-widget_type=\"image.default\">\n\t\t\t\t<div class=\"elementor-widget-container\">\n\t\t\t\t\t\t\t\t\t\t\t\t\t\t\t<img fetchpriority=\"high\" decoding=\"async\" width=\"1100\" height=\"818\" src=\"https:\/\/lesparge.fr\/wp-content\/uploads\/2023\/02\/crete.png\" class=\"attachment-full size-full wp-image-991\" alt=\"\" srcset=\"https:\/\/lesparge.fr\/wp-content\/uploads\/2023\/02\/crete.png 1100w, https:\/\/lesparge.fr\/wp-content\/uploads\/2023\/02\/crete-300x223.png 300w, https:\/\/lesparge.fr\/wp-content\/uploads\/2023\/02\/crete-1024x761.png 1024w, https:\/\/lesparge.fr\/wp-content\/uploads\/2023\/02\/crete-768x571.png 768w\" sizes=\"(max-width: 1100px) 100vw, 1100px\" \/>\t\t\t\t\t\t\t\t\t\t\t\t\t\t\t<\/div>\n\t\t\t\t<\/div>\n\t\t\t\t\t<\/div>\n\t\t<\/div>\n\t\t\t\t<div class=\"elementor-column elementor-col-50 elementor-top-column elementor-element elementor-element-6679743\" data-id=\"6679743\" data-element_type=\"column\" data-e-type=\"column\">\n\t\t\t<div class=\"elementor-widget-wrap elementor-element-populated\">\n\t\t\t\t\t\t<div class=\"elementor-element elementor-element-149d166 center-mobile elementor-widget elementor-widget-heading\" data-id=\"149d166\" data-element_type=\"widget\" data-e-type=\"widget\" data-widget_type=\"heading.default\">\n\t\t\t\t<div class=\"elementor-widget-container\">\n\t\t\t\t\t<h2 class=\"elementor-heading-title elementor-size-default\">La cr\u00eate<\/h2>\t\t\t\t<\/div>\n\t\t\t\t<\/div>\n\t\t\t\t<div class=\"elementor-element elementor-element-5280b21 elementor-widget elementor-widget-text-editor\" data-id=\"5280b21\" data-element_type=\"widget\" data-e-type=\"widget\" data-widget_type=\"text-editor.default\">\n\t\t\t\t<div class=\"elementor-widget-container\">\n\t\t\t\t\t\t\t\t\t<p class=\"crete\">La cr\u00eate des \u00c9parges est un relief naturel situ\u00e9 \u00e0 l&rsquo;extr\u00e9mit\u00e9 des C\u00f4tes de Meuse dont l&rsquo;int\u00e9r\u00eat strat\u00e9gique la fit entrer dans l&rsquo;histoire de la Grande Guerre. Longue de 1400m, large de 800 \u00e0 900 m, elle culmine \u00e0 346 m et constitue un observatoire privil\u00e9gi\u00e9 de la plaine de la Wo\u00ebvre.<\/p><p class=\"tm-blue-text\">\u00a0<\/p>\t\t\t\t\t\t\t\t<\/div>\n\t\t\t\t<\/div>\n\t\t\t\t\t<\/div>\n\t\t<\/div>\n\t\t\t\t\t<\/div>\n\t\t<\/section>\n\t\t\t\t<section class=\"elementor-section elementor-top-section elementor-element elementor-element-79ebd8a elementor-section-boxed elementor-section-height-default elementor-section-height-default\" data-id=\"79ebd8a\" data-element_type=\"section\" data-e-type=\"section\">\n\t\t\t\t\t\t<div class=\"elementor-container elementor-column-gap-default\">\n\t\t\t\t\t<div class=\"elementor-column elementor-col-50 elementor-top-column elementor-element elementor-element-0696a37\" data-id=\"0696a37\" data-element_type=\"column\" data-e-type=\"column\">\n\t\t\t<div class=\"elementor-widget-wrap elementor-element-populated\">\n\t\t\t\t\t\t<div class=\"elementor-element elementor-element-7c3af2c elementor-widget elementor-widget-image\" data-id=\"7c3af2c\" data-element_type=\"widget\" data-e-type=\"widget\" data-widget_type=\"image.default\">\n\t\t\t\t<div class=\"elementor-widget-container\">\n\t\t\t\t\t\t\t\t\t\t\t\t\t\t\t<img decoding=\"async\" width=\"1600\" height=\"1200\" src=\"https:\/\/lesparge.fr\/wp-content\/uploads\/2023\/02\/crete-trottoir.jpg\" class=\"attachment-full size-full wp-image-992\" alt=\"\" srcset=\"https:\/\/lesparge.fr\/wp-content\/uploads\/2023\/02\/crete-trottoir.jpg 1600w, https:\/\/lesparge.fr\/wp-content\/uploads\/2023\/02\/crete-trottoir-300x225.jpg 300w, https:\/\/lesparge.fr\/wp-content\/uploads\/2023\/02\/crete-trottoir-1024x768.jpg 1024w, https:\/\/lesparge.fr\/wp-content\/uploads\/2023\/02\/crete-trottoir-768x576.jpg 768w, https:\/\/lesparge.fr\/wp-content\/uploads\/2023\/02\/crete-trottoir-1536x1152.jpg 1536w\" sizes=\"(max-width: 1600px) 100vw, 1600px\" \/>\t\t\t\t\t\t\t\t\t\t\t\t\t\t\t<\/div>\n\t\t\t\t<\/div>\n\t\t\t\t\t<\/div>\n\t\t<\/div>\n\t\t\t\t<div class=\"elementor-column elementor-col-50 elementor-top-column elementor-element elementor-element-b2acdb0\" data-id=\"b2acdb0\" data-element_type=\"column\" data-e-type=\"column\">\n\t\t\t<div class=\"elementor-widget-wrap elementor-element-populated\">\n\t\t\t\t\t\t<div class=\"elementor-element elementor-element-0a52c19 center-mobile elementor-widget elementor-widget-heading\" data-id=\"0a52c19\" data-element_type=\"widget\" data-e-type=\"widget\" data-widget_type=\"heading.default\">\n\t\t\t\t<div class=\"elementor-widget-container\">\n\t\t\t\t\t<h2 class=\"elementor-heading-title elementor-size-default\">La n\u00e9cropole nationale du Trottoir<\/h2>\t\t\t\t<\/div>\n\t\t\t\t<\/div>\n\t\t\t\t<div class=\"elementor-element elementor-element-d8f1116 elementor-widget elementor-widget-text-editor\" data-id=\"d8f1116\" data-element_type=\"widget\" data-e-type=\"widget\" data-widget_type=\"text-editor.default\">\n\t\t\t\t<div class=\"elementor-widget-container\">\n\t\t\t\t\t\t\t\t\t<section><div><p>Cimeti\u00e8re militaire inaugur\u00e9 en 1936, n\u00e9 du regroupement de plusieurs cimeti\u00e8res provisoires du secteur am\u00e9nag\u00e9s pendant la guerre. Elle compte 2960 soldats fran\u00e7ais dont 852 en ossuaire. Dans la premi\u00e8re rang\u00e9e est inhum\u00e9 le sous-lieutenant Robert Porchon, ami de Maurice Genevoix. Le site a \u00e9t\u00e9 class\u00e9 Monument Historique le 28 d\u00e9cembre 2017.<\/p><\/div><\/section><div><div>\u00a0<\/div><\/div><p class=\"tm-blue-text\">\u00a0<\/p>\t\t\t\t\t\t\t\t<\/div>\n\t\t\t\t<\/div>\n\t\t\t\t\t<\/div>\n\t\t<\/div>\n\t\t\t\t\t<\/div>\n\t\t<\/section>\n\t\t\t\t<section class=\"elementor-section elementor-top-section elementor-element elementor-element-dc851b1 elementor-section-boxed elementor-section-height-default elementor-section-height-default\" data-id=\"dc851b1\" data-element_type=\"section\" data-e-type=\"section\">\n\t\t\t\t\t\t<div class=\"elementor-container elementor-column-gap-default\">\n\t\t\t\t\t<div class=\"elementor-column elementor-col-50 elementor-top-column elementor-element elementor-element-6033cce\" data-id=\"6033cce\" data-element_type=\"column\" data-e-type=\"column\">\n\t\t\t<div class=\"elementor-widget-wrap elementor-element-populated\">\n\t\t\t\t\t\t<div class=\"elementor-element elementor-element-02cb3d3 elementor-widget elementor-widget-image\" data-id=\"02cb3d3\" data-element_type=\"widget\" data-e-type=\"widget\" data-widget_type=\"image.default\">\n\t\t\t\t<div class=\"elementor-widget-container\">\n\t\t\t\t\t\t\t\t\t\t\t\t\t\t\t<img decoding=\"async\" width=\"1600\" height=\"1200\" src=\"https:\/\/lesparge.fr\/wp-content\/uploads\/2023\/02\/crete-106-e1676391806667.jpg\" class=\"attachment-full size-full wp-image-993\" alt=\"\" \/>\t\t\t\t\t\t\t\t\t\t\t\t\t\t\t<\/div>\n\t\t\t\t<\/div>\n\t\t\t\t\t<\/div>\n\t\t<\/div>\n\t\t\t\t<div class=\"elementor-column elementor-col-50 elementor-top-column elementor-element elementor-element-3c7b668\" data-id=\"3c7b668\" data-element_type=\"column\" data-e-type=\"column\">\n\t\t\t<div class=\"elementor-widget-wrap elementor-element-populated\">\n\t\t\t\t\t\t<div class=\"elementor-element elementor-element-b730d1f center-mobile elementor-widget elementor-widget-heading\" data-id=\"b730d1f\" data-element_type=\"widget\" data-e-type=\"widget\" data-widget_type=\"heading.default\">\n\t\t\t\t<div class=\"elementor-widget-container\">\n\t\t\t\t\t<h2 class=\"elementor-heading-title elementor-size-default\">Le 106 \u00e8me RI<\/h2>\t\t\t\t<\/div>\n\t\t\t\t<\/div>\n\t\t\t\t<div class=\"elementor-element elementor-element-baa4f46 elementor-widget elementor-widget-text-editor\" data-id=\"baa4f46\" data-element_type=\"widget\" data-e-type=\"widget\" data-widget_type=\"text-editor.default\">\n\t\t\t\t<div class=\"elementor-widget-container\">\n\t\t\t\t\t\t\t\t\t<p>Ce monument, dit \u00ab des Revenants \u00bb, fut \u00e9rig\u00e9 en 1935 sous l\u2019impulsion de Maurice Genevoix, ancien lieutenant du 106\u00e8me RI et futur acad\u00e9micien.\u00a0<\/p>\t\t\t\t\t\t\t\t<\/div>\n\t\t\t\t<\/div>\n\t\t\t\t\t<\/div>\n\t\t<\/div>\n\t\t\t\t\t<\/div>\n\t\t<\/section>\n\t\t\t\t<section class=\"elementor-section elementor-top-section elementor-element elementor-element-6430ddc elementor-section-boxed elementor-section-height-default elementor-section-height-default\" data-id=\"6430ddc\" data-element_type=\"section\" data-e-type=\"section\">\n\t\t\t\t\t\t<div class=\"elementor-container elementor-column-gap-default\">\n\t\t\t\t\t<div class=\"elementor-column elementor-col-50 elementor-top-column elementor-element elementor-element-0eb343a\" data-id=\"0eb343a\" data-element_type=\"column\" data-e-type=\"column\">\n\t\t\t<div class=\"elementor-widget-wrap elementor-element-populated\">\n\t\t\t\t\t\t<div class=\"elementor-element elementor-element-0fb3d18 elementor-widget elementor-widget-image\" data-id=\"0fb3d18\" data-element_type=\"widget\" data-e-type=\"widget\" data-widget_type=\"image.default\">\n\t\t\t\t<div class=\"elementor-widget-container\">\n\t\t\t\t\t\t\t\t\t\t\t\t\t\t\t<img loading=\"lazy\" decoding=\"async\" width=\"1280\" height=\"847\" src=\"https:\/\/lesparge.fr\/wp-content\/uploads\/2023\/02\/crete-coq-1.jpg\" class=\"attachment-full size-full wp-image-977\" alt=\"\" srcset=\"https:\/\/lesparge.fr\/wp-content\/uploads\/2023\/02\/crete-coq-1.jpg 1280w, https:\/\/lesparge.fr\/wp-content\/uploads\/2023\/02\/crete-coq-1-300x199.jpg 300w, https:\/\/lesparge.fr\/wp-content\/uploads\/2023\/02\/crete-coq-1-1024x678.jpg 1024w, https:\/\/lesparge.fr\/wp-content\/uploads\/2023\/02\/crete-coq-1-768x508.jpg 768w\" sizes=\"(max-width: 1280px) 100vw, 1280px\" \/>\t\t\t\t\t\t\t\t\t\t\t\t\t\t\t<\/div>\n\t\t\t\t<\/div>\n\t\t\t\t\t<\/div>\n\t\t<\/div>\n\t\t\t\t<div class=\"elementor-column elementor-col-50 elementor-top-column elementor-element elementor-element-77ae1d6\" data-id=\"77ae1d6\" data-element_type=\"column\" data-e-type=\"column\">\n\t\t\t<div class=\"elementor-widget-wrap elementor-element-populated\">\n\t\t\t\t\t\t<div class=\"elementor-element elementor-element-6ff8a20 center-mobile elementor-widget elementor-widget-heading\" data-id=\"6ff8a20\" data-element_type=\"widget\" data-e-type=\"widget\" data-widget_type=\"heading.default\">\n\t\t\t\t<div class=\"elementor-widget-container\">\n\t\t\t\t\t<h2 class=\"elementor-heading-title elementor-size-default\">Le monument du coq<\/h2>\t\t\t\t<\/div>\n\t\t\t\t<\/div>\n\t\t\t\t<div class=\"elementor-element elementor-element-05f54aa elementor-widget elementor-widget-text-editor\" data-id=\"05f54aa\" data-element_type=\"widget\" data-e-type=\"widget\" data-widget_type=\"text-editor.default\">\n\t\t\t\t<div class=\"elementor-widget-container\">\n\t\t\t\t\t\t\t\t\t<p>Erig\u00e9 en 1924 en souvenir des combats d&rsquo;avril 1915 en hommage \u00e0 la 12\u00e8me DI dont l&rsquo;insigne \u00e9tait le coq. Point culminant de La cr\u00eate. Le point C a \u00e9t\u00e9 l&rsquo;enjeu de furieux combats entre f\u00e9vrier et avril 1915. Le 8 avril 1915, il est d\u00e9finitivement conquis par les Fran\u00e7ais.<\/p>\t\t\t\t\t\t\t\t<\/div>\n\t\t\t\t<\/div>\n\t\t\t\t\t<\/div>\n\t\t<\/div>\n\t\t\t\t\t<\/div>\n\t\t<\/section>\n\t\t\t\t<section class=\"elementor-section elementor-top-section elementor-element elementor-element-5119f47 elementor-section-boxed elementor-section-height-default elementor-section-height-default\" data-id=\"5119f47\" data-element_type=\"section\" data-e-type=\"section\">\n\t\t\t\t\t\t<div class=\"elementor-container elementor-column-gap-default\">\n\t\t\t\t\t<div class=\"elementor-column elementor-col-50 elementor-top-column elementor-element elementor-element-b12ff50\" data-id=\"b12ff50\" data-element_type=\"column\" data-e-type=\"column\">\n\t\t\t<div class=\"elementor-widget-wrap elementor-element-populated\">\n\t\t\t\t\t\t<div class=\"elementor-element elementor-element-9aa61a6 elementor-widget elementor-widget-image\" data-id=\"9aa61a6\" data-element_type=\"widget\" data-e-type=\"widget\" data-widget_type=\"image.default\">\n\t\t\t\t<div class=\"elementor-widget-container\">\n\t\t\t\t\t\t\t\t\t\t\t\t\t\t\t<img loading=\"lazy\" decoding=\"async\" width=\"1024\" height=\"768\" src=\"https:\/\/lesparge.fr\/wp-content\/uploads\/2023\/02\/circuits-copie-1024x768.jpg\" class=\"attachment-large size-large wp-image-990\" alt=\"\" srcset=\"https:\/\/lesparge.fr\/wp-content\/uploads\/2023\/02\/circuits-copie-1024x768.jpg 1024w, https:\/\/lesparge.fr\/wp-content\/uploads\/2023\/02\/circuits-copie-300x225.jpg 300w, https:\/\/lesparge.fr\/wp-content\/uploads\/2023\/02\/circuits-copie-768x576.jpg 768w, https:\/\/lesparge.fr\/wp-content\/uploads\/2023\/02\/circuits-copie.jpg 1416w\" sizes=\"(max-width: 1024px) 100vw, 1024px\" \/>\t\t\t\t\t\t\t\t\t\t\t\t\t\t\t<\/div>\n\t\t\t\t<\/div>\n\t\t\t\t\t<\/div>\n\t\t<\/div>\n\t\t\t\t<div class=\"elementor-column elementor-col-50 elementor-top-column elementor-element elementor-element-ba51ebc\" data-id=\"ba51ebc\" data-element_type=\"column\" data-e-type=\"column\">\n\t\t\t<div class=\"elementor-widget-wrap elementor-element-populated\">\n\t\t\t\t\t\t<div class=\"elementor-element elementor-element-01c458f center-mobile elementor-widget elementor-widget-heading\" data-id=\"01c458f\" data-element_type=\"widget\" data-e-type=\"widget\" data-widget_type=\"heading.default\">\n\t\t\t\t<div class=\"elementor-widget-container\">\n\t\t\t\t\t<h2 class=\"elementor-heading-title elementor-size-default\">Les entonnoirs et la guerre des mines<\/h2>\t\t\t\t<\/div>\n\t\t\t\t<\/div>\n\t\t\t\t<div class=\"elementor-element elementor-element-abbd3fd elementor-widget elementor-widget-text-editor\" data-id=\"abbd3fd\" data-element_type=\"widget\" data-e-type=\"widget\" data-widget_type=\"text-editor.default\">\n\t\t\t\t<div class=\"elementor-widget-container\">\n\t\t\t\t\t\t\t\t\t<p>La guerre des mines sur La cr\u00eate des \u00c9parges a dur\u00e9 de f\u00e9vrier 1915 \u00e0 ao\u00fbt 1918, bouleversant le paysage et creusant d\u2019immenses crat\u00e8res encore visibles aujourd\u2019hui. Il s\u2019agit de la guerre des mines la plus longue sur le front de l\u2019ouest.<\/p>\t\t\t\t\t\t\t\t<\/div>\n\t\t\t\t<\/div>\n\t\t\t\t\t<\/div>\n\t\t<\/div>\n\t\t\t\t\t<\/div>\n\t\t<\/section>\n\t\t\t\t<section class=\"elementor-section elementor-top-section elementor-element elementor-element-c7c4bff elementor-section-boxed elementor-section-height-default elementor-section-height-default\" data-id=\"c7c4bff\" data-element_type=\"section\" data-e-type=\"section\">\n\t\t\t\t\t\t<div class=\"elementor-container elementor-column-gap-default\">\n\t\t\t\t\t<div class=\"elementor-column elementor-col-50 elementor-top-column elementor-element elementor-element-0308ebf\" data-id=\"0308ebf\" data-element_type=\"column\" data-e-type=\"column\">\n\t\t\t<div class=\"elementor-widget-wrap elementor-element-populated\">\n\t\t\t\t\t\t<div class=\"elementor-element elementor-element-aaa78c4 elementor-widget elementor-widget-image\" data-id=\"aaa78c4\" data-element_type=\"widget\" data-e-type=\"widget\" data-widget_type=\"image.default\">\n\t\t\t\t<div class=\"elementor-widget-container\">\n\t\t\t\t\t\t\t\t\t\t\t\t\t\t\t<img loading=\"lazy\" decoding=\"async\" width=\"1024\" height=\"883\" src=\"https:\/\/lesparge.fr\/wp-content\/uploads\/2023\/02\/crete-x-copie-2-1024x883.jpg\" class=\"attachment-large size-large wp-image-985\" alt=\"\" srcset=\"https:\/\/lesparge.fr\/wp-content\/uploads\/2023\/02\/crete-x-copie-2-1024x883.jpg 1024w, https:\/\/lesparge.fr\/wp-content\/uploads\/2023\/02\/crete-x-copie-2-300x259.jpg 300w, https:\/\/lesparge.fr\/wp-content\/uploads\/2023\/02\/crete-x-copie-2-768x662.jpg 768w, https:\/\/lesparge.fr\/wp-content\/uploads\/2023\/02\/crete-x-copie-2.jpg 1391w\" sizes=\"(max-width: 1024px) 100vw, 1024px\" \/>\t\t\t\t\t\t\t\t\t\t\t\t\t\t\t<\/div>\n\t\t\t\t<\/div>\n\t\t\t\t\t<\/div>\n\t\t<\/div>\n\t\t\t\t<div class=\"elementor-column elementor-col-50 elementor-top-column elementor-element elementor-element-9161d4d\" data-id=\"9161d4d\" data-element_type=\"column\" data-e-type=\"column\">\n\t\t\t<div class=\"elementor-widget-wrap elementor-element-populated\">\n\t\t\t\t\t\t<div class=\"elementor-element elementor-element-dc66008 center-mobile elementor-widget elementor-widget-heading\" data-id=\"dc66008\" data-element_type=\"widget\" data-e-type=\"widget\" data-widget_type=\"heading.default\">\n\t\t\t\t<div class=\"elementor-widget-container\">\n\t\t\t\t\t<h2 class=\"elementor-heading-title elementor-size-default\">Le point X<\/h2>\t\t\t\t<\/div>\n\t\t\t\t<\/div>\n\t\t\t\t<div class=\"elementor-element elementor-element-3dd1603 elementor-widget elementor-widget-text-editor\" data-id=\"3dd1603\" data-element_type=\"widget\" data-e-type=\"widget\" data-widget_type=\"text-editor.default\">\n\t\t\t\t<div class=\"elementor-widget-container\">\n\t\t\t\t\t\t\t\t\t<p>L\u2019\u00e9mouvante histoire du monument du Point X<\/p><p>Mina Fischer a 18 ans lorsque la Grande Guerre la s\u00e9pare de son fianc\u00e9, Ren\u00e9 Tronquoy.<br \/>Affect\u00e9 au 67\u00e8me RI avec le grade de lieutenant, ce dernier participe aux combats des Hauts de Meuse, aux Eparges, o\u00f9 il est port\u00e9 disparu le 20 f\u00e9vrier 1915.<\/p>\t\t\t\t\t\t\t\t<\/div>\n\t\t\t\t<\/div>\n\t\t\t\t<div class=\"elementor-element elementor-element-3486ec1 elementor-widget elementor-widget-toggle\" data-id=\"3486ec1\" data-element_type=\"widget\" data-e-type=\"widget\" data-widget_type=\"toggle.default\">\n\t\t\t\t<div class=\"elementor-widget-container\">\n\t\t\t\t\t\t\t<div class=\"elementor-toggle\">\n\t\t\t\t\t\t\t<div class=\"elementor-toggle-item\">\n\t\t\t\t\t<div id=\"elementor-tab-title-5501\" class=\"elementor-tab-title\" data-tab=\"1\" role=\"button\" aria-controls=\"elementor-tab-content-5501\" aria-expanded=\"false\">\n\t\t\t\t\t\t\t\t\t\t\t\t<span class=\"elementor-toggle-icon elementor-toggle-icon-left\" aria-hidden=\"true\">\n\t\t\t\t\t\t\t\t\t\t\t\t\t\t\t<span class=\"elementor-toggle-icon-closed\"><i class=\"fas fa-caret-right\"><\/i><\/span>\n\t\t\t\t\t\t\t\t<span class=\"elementor-toggle-icon-opened\"><i class=\"elementor-toggle-icon-opened fas fa-caret-up\"><\/i><\/span>\n\t\t\t\t\t\t\t\t\t\t\t\t\t<\/span>\n\t\t\t\t\t\t\t\t\t\t\t\t<a class=\"elementor-toggle-title\" tabindex=\"0\">En savoir plus...<\/a>\n\t\t\t\t\t<\/div>\n\n\t\t\t\t\t<div id=\"elementor-tab-content-5501\" class=\"elementor-tab-content elementor-clearfix\" data-tab=\"1\" role=\"region\" aria-labelledby=\"elementor-tab-title-5501\"><p class=\"\">La nouvelle de cette disparition est une \u00e9preuve douloureuse pour Mina qui s\u2019est engag\u00e9e dans le Service de sant\u00e9 comme ambulanci\u00e8re, puis infirmi\u00e8re. <br \/>Malgr\u00e9 tous ses efforts pour retrouver la trace de son fianc\u00e9, son attente m\u00eal\u00e9e d\u2019espoir durera huit longues ann\u00e9es jusqu\u2019au jour o\u00f9 elle re\u00e7oit le jugement d\u00e9finitif de la mort de Ren\u00e9, en mai 1923, avec la mention \u00ab port\u00e9 disparu aux Eparges et d\u00e9cor\u00e9 de la Croix de Guerre avec \u00e9toile de bronze \u00bb.<\/p><p class=\"\">En 1925, Mina Fischer \u00e9pouse un grand bless\u00e9 de guerre : le comte Antoine de Cugnac. La m\u00eame ann\u00e9e, sur La cr\u00eate des Eparges, elle \u00e9rige un monument qu\u2019elle a sculpt\u00e9 de ses mains.\u00a0Au centre du haut relief en pierre, elle a repr\u00e9sent\u00e9 le lieutenant Ren\u00e9 Tronquoy entour\u00e9 de ses hommes.<\/p><p><img loading=\"lazy\" decoding=\"async\" class=\"aligncenter size-medium wp-image-1008\" src=\"https:\/\/lesparge.fr\/wp-content\/uploads\/2023\/02\/mina-800x450-1-300x169.jpg\" alt=\"\" width=\"300\" height=\"169\" srcset=\"https:\/\/lesparge.fr\/wp-content\/uploads\/2023\/02\/mina-800x450-1-300x169.jpg 300w, https:\/\/lesparge.fr\/wp-content\/uploads\/2023\/02\/mina-800x450-1-768x432.jpg 768w, https:\/\/lesparge.fr\/wp-content\/uploads\/2023\/02\/mina-800x450-1.jpg 800w\" sizes=\"(max-width: 300px) 100vw, 300px\" \/><\/p><p>Jusqu\u2019\u00e0 sa mort en 1983, la comtesse de Cugnac viendra rendre hommage \u00e0 \u00ab Ceux qui n\u2019ont pas de tombe \u00bb au cours d\u2019une c\u00e9r\u00e9monie au Point X qu\u2019elle a instaur\u00e9e les lundis de Pentec\u00f4te et qui perdure encore de nos jours.<\/p><\/div>\n\t\t\t\t<\/div>\n\t\t\t\t\t\t\t\t<\/div>\n\t\t\t\t\t\t<\/div>\n\t\t\t\t<\/div>\n\t\t\t\t\t<\/div>\n\t\t<\/div>\n\t\t\t\t\t<\/div>\n\t\t<\/section>\n\t\t\t\t<section class=\"elementor-section elementor-top-section elementor-element elementor-element-fb546c4 elementor-section-boxed elementor-section-height-default elementor-section-height-default\" data-id=\"fb546c4\" data-element_type=\"section\" data-e-type=\"section\">\n\t\t\t\t\t\t<div class=\"elementor-container elementor-column-gap-default\">\n\t\t\t\t\t<div class=\"elementor-column elementor-col-50 elementor-top-column elementor-element elementor-element-aa92032\" data-id=\"aa92032\" data-element_type=\"column\" data-e-type=\"column\">\n\t\t\t<div class=\"elementor-widget-wrap elementor-element-populated\">\n\t\t\t\t\t\t<div class=\"elementor-element elementor-element-1621418 elementor-widget elementor-widget-image\" data-id=\"1621418\" data-element_type=\"widget\" data-e-type=\"widget\" data-widget_type=\"image.default\">\n\t\t\t\t<div class=\"elementor-widget-container\">\n\t\t\t\t\t\t\t\t\t\t\t\t\t\t\t<img loading=\"lazy\" decoding=\"async\" width=\"1024\" height=\"768\" src=\"https:\/\/lesparge.fr\/wp-content\/uploads\/2023\/02\/302-1024x768.jpg\" class=\"attachment-large size-large wp-image-1010\" alt=\"\" srcset=\"https:\/\/lesparge.fr\/wp-content\/uploads\/2023\/02\/302-1024x768.jpg 1024w, https:\/\/lesparge.fr\/wp-content\/uploads\/2023\/02\/302-300x225.jpg 300w, https:\/\/lesparge.fr\/wp-content\/uploads\/2023\/02\/302-768x576.jpg 768w, https:\/\/lesparge.fr\/wp-content\/uploads\/2023\/02\/302-1536x1153.jpg 1536w, https:\/\/lesparge.fr\/wp-content\/uploads\/2023\/02\/302.jpg 1599w\" sizes=\"(max-width: 1024px) 100vw, 1024px\" \/>\t\t\t\t\t\t\t\t\t\t\t\t\t\t\t<\/div>\n\t\t\t\t<\/div>\n\t\t\t\t\t<\/div>\n\t\t<\/div>\n\t\t\t\t<div class=\"elementor-column elementor-col-50 elementor-top-column elementor-element elementor-element-8917ec4\" data-id=\"8917ec4\" data-element_type=\"column\" data-e-type=\"column\">\n\t\t\t<div class=\"elementor-widget-wrap elementor-element-populated\">\n\t\t\t\t\t\t<div class=\"elementor-element elementor-element-f818357 center-mobile elementor-widget elementor-widget-heading\" data-id=\"f818357\" data-element_type=\"widget\" data-e-type=\"widget\" data-widget_type=\"heading.default\">\n\t\t\t\t<div class=\"elementor-widget-container\">\n\t\t\t\t\t<h2 class=\"elementor-heading-title elementor-size-default\">LE MONUMENT DU 302\u00b0 RI<\/h2>\t\t\t\t<\/div>\n\t\t\t\t<\/div>\n\t\t\t\t<div class=\"elementor-element elementor-element-8c6f39f elementor-widget elementor-widget-text-editor\" data-id=\"8c6f39f\" data-element_type=\"widget\" data-e-type=\"widget\" data-widget_type=\"text-editor.default\">\n\t\t\t\t<div class=\"elementor-widget-container\">\n\t\t\t\t\t\t\t\t\t<p>Il t\u00e9moigne du sacrifice des soldats du 302\u00e8me R\u00e9giment d\u2019Infanterie lors des premi\u00e8res offensives fran\u00e7aises \u00e0 l\u2019automne 1914 et au printemps 1915 pour reprendre possession de La cr\u00eate tomb\u00e9e aux mains des Allemands. Georges Leroux, peintre et paysagiste de renom (1877-1957), a r\u00e9alis\u00e9 120 portraits de ses camarades de combats aux \u00c9parges (collection conserv\u00e9e au Mus\u00e9e de Chartres).<\/p>\t\t\t\t\t\t\t\t<\/div>\n\t\t\t\t<\/div>\n\t\t\t\t\t<\/div>\n\t\t<\/div>\n\t\t\t\t\t<\/div>\n\t\t<\/section>\n\t\t\t\t<section class=\"elementor-section elementor-top-section elementor-element elementor-element-ec814a7 elementor-section-boxed elementor-section-height-default elementor-section-height-default\" data-id=\"ec814a7\" data-element_type=\"section\" data-e-type=\"section\">\n\t\t\t\t\t\t<div class=\"elementor-container elementor-column-gap-default\">\n\t\t\t\t\t<div class=\"elementor-column elementor-col-50 elementor-top-column elementor-element elementor-element-8f20275\" data-id=\"8f20275\" data-element_type=\"column\" data-e-type=\"column\">\n\t\t\t<div class=\"elementor-widget-wrap elementor-element-populated\">\n\t\t\t\t\t\t<div class=\"elementor-element elementor-element-6221664 elementor-widget elementor-widget-image\" data-id=\"6221664\" data-element_type=\"widget\" data-e-type=\"widget\" data-widget_type=\"image.default\">\n\t\t\t\t<div class=\"elementor-widget-container\">\n\t\t\t\t\t\t\t\t\t\t\t\t\t\t\t<img loading=\"lazy\" decoding=\"async\" width=\"1024\" height=\"768\" src=\"https:\/\/lesparge.fr\/wp-content\/uploads\/2023\/02\/crete-genie-1-1024x768.jpg\" class=\"attachment-large size-large wp-image-979\" alt=\"\" srcset=\"https:\/\/lesparge.fr\/wp-content\/uploads\/2023\/02\/crete-genie-1-1024x768.jpg 1024w, https:\/\/lesparge.fr\/wp-content\/uploads\/2023\/02\/crete-genie-1-300x225.jpg 300w, https:\/\/lesparge.fr\/wp-content\/uploads\/2023\/02\/crete-genie-1-768x576.jpg 768w, https:\/\/lesparge.fr\/wp-content\/uploads\/2023\/02\/crete-genie-1-1536x1152.jpg 1536w, https:\/\/lesparge.fr\/wp-content\/uploads\/2023\/02\/crete-genie-1.jpg 1600w\" sizes=\"(max-width: 1024px) 100vw, 1024px\" \/>\t\t\t\t\t\t\t\t\t\t\t\t\t\t\t<\/div>\n\t\t\t\t<\/div>\n\t\t\t\t\t<\/div>\n\t\t<\/div>\n\t\t\t\t<div class=\"elementor-column elementor-col-50 elementor-top-column elementor-element elementor-element-1d6c414\" data-id=\"1d6c414\" data-element_type=\"column\" data-e-type=\"column\">\n\t\t\t<div class=\"elementor-widget-wrap elementor-element-populated\">\n\t\t\t\t\t\t<div class=\"elementor-element elementor-element-f6c87a4 center-mobile elementor-widget elementor-widget-heading\" data-id=\"f6c87a4\" data-element_type=\"widget\" data-e-type=\"widget\" data-widget_type=\"heading.default\">\n\t\t\t\t<div class=\"elementor-widget-container\">\n\t\t\t\t\t<h2 class=\"elementor-heading-title elementor-size-default\">LE MONUMENT DU G\u00c9NIE<\/h2>\t\t\t\t<\/div>\n\t\t\t\t<\/div>\n\t\t\t\t<div class=\"elementor-element elementor-element-3e083ee elementor-widget elementor-widget-text-editor\" data-id=\"3e083ee\" data-element_type=\"widget\" data-e-type=\"widget\" data-widget_type=\"text-editor.default\">\n\t\t\t\t<div class=\"elementor-widget-container\">\n\t\t\t\t\t\t\t\t\t<p>Inaugur\u00e9 par le g\u00e9n\u00e9ral Massu le 20 octobre 1967, il rend hommage aux sapeurs (soldats de l\u2019arme du G\u00e9nie) qui ont combattu aux \u00c9parges. Les sept colonnes du monument symbolisent les grandes sp\u00e9cialit\u00e9s du G\u00e9nie et d\u00e9signent\u00a0: les Sapeurs-mineurs, les Pontonniers, les Artificiers, les T\u00e9l\u00e9graphistes et Transmissions, les Sapeurs des Chemins de Fer et Communications, les A\u00e9rostiers, les Sapeurs Electro-M\u00e9caniciens.<\/p>\t\t\t\t\t\t\t\t<\/div>\n\t\t\t\t<\/div>\n\t\t\t\t\t<\/div>\n\t\t<\/div>\n\t\t\t\t\t<\/div>\n\t\t<\/section>\n\t\t\t\t<section class=\"elementor-section elementor-top-section elementor-element elementor-element-c6b50aa elementor-section-boxed elementor-section-height-default elementor-section-height-default\" data-id=\"c6b50aa\" data-element_type=\"section\" data-e-type=\"section\">\n\t\t\t\t\t\t<div class=\"elementor-container elementor-column-gap-default\">\n\t\t\t\t\t<div class=\"elementor-column elementor-col-50 elementor-top-column elementor-element elementor-element-738a412\" data-id=\"738a412\" data-element_type=\"column\" data-e-type=\"column\">\n\t\t\t<div class=\"elementor-widget-wrap elementor-element-populated\">\n\t\t\t\t\t\t<div class=\"elementor-element elementor-element-5710d2a elementor-widget elementor-widget-image\" data-id=\"5710d2a\" data-element_type=\"widget\" data-e-type=\"widget\" data-widget_type=\"image.default\">\n\t\t\t\t<div class=\"elementor-widget-container\">\n\t\t\t\t\t\t\t\t\t\t\t\t\t\t\t<img loading=\"lazy\" decoding=\"async\" width=\"1024\" height=\"768\" src=\"https:\/\/lesparge.fr\/wp-content\/uploads\/2023\/02\/crete-secours-1-1024x768.jpg\" class=\"attachment-large size-large wp-image-981\" alt=\"\" srcset=\"https:\/\/lesparge.fr\/wp-content\/uploads\/2023\/02\/crete-secours-1-1024x768.jpg 1024w, https:\/\/lesparge.fr\/wp-content\/uploads\/2023\/02\/crete-secours-1-300x225.jpg 300w, https:\/\/lesparge.fr\/wp-content\/uploads\/2023\/02\/crete-secours-1-768x576.jpg 768w, https:\/\/lesparge.fr\/wp-content\/uploads\/2023\/02\/crete-secours-1.jpg 1280w\" sizes=\"(max-width: 1024px) 100vw, 1024px\" \/>\t\t\t\t\t\t\t\t\t\t\t\t\t\t\t<\/div>\n\t\t\t\t<\/div>\n\t\t\t\t\t<\/div>\n\t\t<\/div>\n\t\t\t\t<div class=\"elementor-column elementor-col-50 elementor-top-column elementor-element elementor-element-8c35e5a\" data-id=\"8c35e5a\" data-element_type=\"column\" data-e-type=\"column\">\n\t\t\t<div class=\"elementor-widget-wrap elementor-element-populated\">\n\t\t\t\t\t\t<div class=\"elementor-element elementor-element-b9c6c31 center-mobile elementor-widget elementor-widget-heading\" data-id=\"b9c6c31\" data-element_type=\"widget\" data-e-type=\"widget\" data-widget_type=\"heading.default\">\n\t\t\t\t<div class=\"elementor-widget-container\">\n\t\t\t\t\t<h2 class=\"elementor-heading-title elementor-size-default\">LE POSTE DE SECOURS ALLEMAND<\/h2>\t\t\t\t<\/div>\n\t\t\t\t<\/div>\n\t\t\t\t\t<\/div>\n\t\t<\/div>\n\t\t\t\t\t<\/div>\n\t\t<\/section>\n\t\t\t\t<\/div>\n\t\t","protected":false},"excerpt":{"rendered":"<p>La cr\u00eate La cr\u00eate des \u00c9parges est un relief naturel situ\u00e9 \u00e0 l&rsquo;extr\u00e9mit\u00e9 des C\u00f4tes de Meuse dont l&rsquo;int\u00e9r\u00eat strat\u00e9gique la fit entrer dans l&rsquo;histoire de la Grande Guerre. Longue de 1400m, large de 800 \u00e0 900 m, elle culmine \u00e0 346 m et constitue un observatoire privil\u00e9gi\u00e9 de la plaine de la Wo\u00ebvre. \u00a0 [&hellip;]<\/p>\n","protected":false},"author":1,"featured_media":0,"parent":0,"menu_order":0,"comment_status":"closed","ping_status":"closed","template":"","meta":{"ocean_post_layout":"full-width","ocean_both_sidebars_style":"","ocean_both_sidebars_content_width":0,"ocean_both_sidebars_sidebars_width":0,"ocean_sidebar":"0","ocean_second_sidebar":"0","ocean_disable_margins":"enable","ocean_add_body_class":"","ocean_shortcode_before_top_bar":"","ocean_shortcode_after_top_bar":"","ocean_shortcode_before_header":"","ocean_shortcode_after_header":"","ocean_has_shortcode":"","ocean_shortcode_after_title":"","ocean_shortcode_before_footer_widgets":"","ocean_shortcode_after_footer_widgets":"","ocean_shortcode_before_footer_bottom":"","ocean_shortcode_after_footer_bottom":"","ocean_display_top_bar":"default","ocean_display_header":"default","ocean_header_style":"","ocean_center_header_left_menu":"0","ocean_custom_header_template":"0","ocean_custom_logo":0,"ocean_custom_retina_logo":0,"ocean_custom_logo_max_width":0,"ocean_custom_logo_tablet_max_width":0,"ocean_custom_logo_mobile_max_width":0,"ocean_custom_logo_max_height":0,"ocean_custom_logo_tablet_max_height":0,"ocean_custom_logo_mobile_max_height":0,"ocean_header_custom_menu":"0","ocean_menu_typo_font_family":"0","ocean_menu_typo_font_subset":"","ocean_menu_typo_font_size":0,"ocean_menu_typo_font_size_tablet":0,"ocean_menu_typo_font_size_mobile":0,"ocean_menu_typo_font_size_unit":"px","ocean_menu_typo_font_weight":"","ocean_menu_typo_font_weight_tablet":"","ocean_menu_typo_font_weight_mobile":"","ocean_menu_typo_transform":"","ocean_menu_typo_transform_tablet":"","ocean_menu_typo_transform_mobile":"","ocean_menu_typo_line_height":0,"ocean_menu_typo_line_height_tablet":0,"ocean_menu_typo_line_height_mobile":0,"ocean_menu_typo_line_height_unit":"","ocean_menu_typo_spacing":0,"ocean_menu_typo_spacing_tablet":0,"ocean_menu_typo_spacing_mobile":0,"ocean_menu_typo_spacing_unit":"","ocean_menu_link_color":"","ocean_menu_link_color_hover":"","ocean_menu_link_color_active":"","ocean_menu_link_background":"","ocean_menu_link_hover_background":"","ocean_menu_link_active_background":"","ocean_menu_social_links_bg":"","ocean_menu_social_hover_links_bg":"","ocean_menu_social_links_color":"","ocean_menu_social_hover_links_color":"","ocean_disable_title":"default","ocean_disable_heading":"default","ocean_post_title":"","ocean_post_subheading":"Visiter la cr\u00eate des \u00c9parges","ocean_post_title_style":"background-image","ocean_post_title_background_color":"","ocean_post_title_background":978,"ocean_post_title_bg_image_position":"center center","ocean_post_title_bg_image_attachment":"","ocean_post_title_bg_image_repeat":"","ocean_post_title_bg_image_size":"","ocean_post_title_height":0,"ocean_post_title_bg_overlay":0.5,"ocean_post_title_bg_overlay_color":"","ocean_disable_breadcrumbs":"default","ocean_breadcrumbs_color":"","ocean_breadcrumbs_separator_color":"","ocean_breadcrumbs_links_color":"","ocean_breadcrumbs_links_hover_color":"","ocean_display_footer_widgets":"default","ocean_display_footer_bottom":"default","ocean_custom_footer_template":"0","footnotes":""},"class_list":["post-971","page","type-page","status-publish","hentry","entry"],"_links":{"self":[{"href":"https:\/\/lesparge.fr\/index.php\/wp-json\/wp\/v2\/pages\/971","targetHints":{"allow":["GET"]}}],"collection":[{"href":"https:\/\/lesparge.fr\/index.php\/wp-json\/wp\/v2\/pages"}],"about":[{"href":"https:\/\/lesparge.fr\/index.php\/wp-json\/wp\/v2\/types\/page"}],"author":[{"embeddable":true,"href":"https:\/\/lesparge.fr\/index.php\/wp-json\/wp\/v2\/users\/1"}],"replies":[{"embeddable":true,"href":"https:\/\/lesparge.fr\/index.php\/wp-json\/wp\/v2\/comments?post=971"}],"version-history":[{"count":56,"href":"https:\/\/lesparge.fr\/index.php\/wp-json\/wp\/v2\/pages\/971\/revisions"}],"predecessor-version":[{"id":5333,"href":"https:\/\/lesparge.fr\/index.php\/wp-json\/wp\/v2\/pages\/971\/revisions\/5333"}],"wp:attachment":[{"href":"https:\/\/lesparge.fr\/index.php\/wp-json\/wp\/v2\/media?parent=971"}],"curies":[{"name":"wp","href":"https:\/\/api.w.org\/{rel}","templated":true}]}}